{"id":1413,"date":"2023-12-08T10:38:00","date_gmt":"2023-12-08T09:38:00","guid":{"rendered":"https:\/\/karriere.uni-mainz.de\/karriere-an-der-jgu\/"},"modified":"2026-03-11T14:58:58","modified_gmt":"2026-03-11T13:58:58","slug":"https-karriere-uni-mainz-de-en","status":"publish","type":"page","link":"https:\/\/karriere.uni-mainz.de\/en\/","title":{"rendered":"Jobs at JGU"},"content":{"rendered":"<jgu-base-pageheader react-props=\"{\n    &quot;items&quot;: [\n        {\n            &quot;box&quot;: {\n                &quot;index&quot;: &quot;Jobs at JGU&quot;,\n                &quot;title&quot;: &quot;Become part of &lt;br&gt;our team&quot;,\n                &quot;link&quot;: {\n                    &quot;url&quot;: &quot;&quot;,\n                    &quot;title&quot;: &quot;learn more&quot;\n                }\n            },\n            &quot;color&quot;: &quot;red&quot;,\n            &quot;image&quot;: {\n                &quot;url&quot;: &quot;https:\\\/\\\/cms.zdv.uni-mainz.de\\\/karriere\\\/wp-content\\\/uploads\\\/sites\\\/44\\\/2023\\\/12\\\/DJI_0278-scaled-1-e1701857615167.jpg&quot;,\n                &quot;id&quot;: 29,\n                &quot;credit&quot;: &quot;\\u00a9 JGU \\\/ PA4&quot;,\n                &quot;caption&quot;: &quot;Das Bild zeigt den Campus der Johannes Gutenberg-Universit\\u00e4t Mainz (JGU) aus der Vogelperspektive. Im Zentrum des Bildes befindet sich das historische Hauptgeb\\u00e4ude, auch bekannt als \\u201eForum\\u201c. Es ist ein gro\\u00dfes, helles Geb\\u00e4ude mit rotem Satteldach und einem markanten Torbogen in der Mitte.\\n\\nRund um das Forum sind weitere Universit\\u00e4tsgeb\\u00e4ude mit \\u00e4hnlicher Architektur zu sehen, eingebettet in eine gr\\u00fcne Umgebung mit vielen B\\u00e4umen. Im Vordergrund liegt ein weitl\\u00e4ufiger, gepflasterter Platz mit jungen und \\u00e4lteren B\\u00e4umen, breiten Wegen und moderner Beleuchtung.\\n\\nIm Hintergrund erkennt man Teile der Stadt Mainz und angrenzende Felder. Der Himmel ist klar und blau \\u2013 das Bild wurde vermutlich an einem sonnigen Tag aufgenommen.&quot;,\n                &quot;alt&quot;: &quot;Panoramablick auf den Campus der Universit\\u00e4t Mainz: moderne Architektur, gr\\u00fcne Oasen und pulsierendes akademisches Leben. Starten Sie Ihre Karriere an einer der gro\\u00dfen Universit\\u00e4ten Deutschlands mit den aktuellen Stellenangeboten auf dieser Seite.&quot;,\n                &quot;title&quot;: &quot;Willkommen zu Ihrer Karriere auf den Campus der Universit\\u00e4t Mainz&quot;,\n                &quot;width&quot;: 2444,\n                &quot;height&quot;: 1083,\n                &quot;srcset&quot;: &quot;https:\\\/\\\/cms.zdv.uni-mainz.de\\\/karriere\\\/wp-content\\\/uploads\\\/sites\\\/44\\\/2023\\\/12\\\/DJI_0278-scaled-1-e1701857615167.jpg 2444w, https:\\\/\\\/cms.zdv.uni-mainz.de\\\/karriere\\\/wp-content\\\/uploads\\\/sites\\\/44\\\/2023\\\/12\\\/DJI_0278-scaled-1-e1701857615167-300x133.jpg 300w, https:\\\/\\\/cms.zdv.uni-mainz.de\\\/karriere\\\/wp-content\\\/uploads\\\/sites\\\/44\\\/2023\\\/12\\\/DJI_0278-scaled-1-e1701857615167-1024x454.jpg 1024w, https:\\\/\\\/cms.zdv.uni-mainz.de\\\/karriere\\\/wp-content\\\/uploads\\\/sites\\\/44\\\/2023\\\/12\\\/DJI_0278-scaled-1-e1701857615167-768x340.jpg 768w, https:\\\/\\\/cms.zdv.uni-mainz.de\\\/karriere\\\/wp-content\\\/uploads\\\/sites\\\/44\\\/2023\\\/12\\\/DJI_0278-scaled-1-e1701857615167-1536x681.jpg 1536w, https:\\\/\\\/cms.zdv.uni-mainz.de\\\/karriere\\\/wp-content\\\/uploads\\\/sites\\\/44\\\/2023\\\/12\\\/DJI_0278-scaled-1-e1701857615167-2048x908.jpg 2048w&quot;\n            },\n            &quot;imgCredit&quot;: &quot;&quot;,\n            &quot;useVideo&quot;: false,\n            &quot;video&quot;: false\n        }\n    ],\n    &quot;type&quot;: &quot;default&quot;,\n    &quot;quicklinks&quot;: {\n        &quot;show&quot;: false,\n        &quot;interaction&quot;: &quot;direct&quot;,\n        &quot;selects&quot;: [\n            {\n                &quot;label&quot;: &quot;Test&quot;,\n                &quot;options&quot;: []\n            },\n            {\n                &quot;label&quot;: &quot;&quot;,\n                &quot;options&quot;: [\n                    {\n                        &quot;title&quot;: &quot;&quot;,\n                        &quot;link&quot;: {\n                            &quot;url&quot;: &quot;&quot;\n                        },\n                        &quot;items&quot;: []\n                    }\n                ]\n            }\n        ]\n    },\n    &quot;align&quot;: &quot;full&quot;,\n    &quot;useBreadcrumb&quot;: false\n}\">\n<\/jgu-base-pageheader>\n\n<jgu-base-anchornavigation react-props=\"{\n    &quot;align&quot;: &quot;wide&quot;,\n    &quot;theme&quot;: &quot;white&quot;\n}\">\n    \n<\/jgu-base-anchornavigation>\n\n\n<div style=\"height:60px\" aria-hidden=\"true\" class=\"wp-block-spacer\"><\/div>\n\n\n<div\n\tclass=\"jgu-anchorpoint\"\n\tid=\"jgu-as-employer\"\n\tdata-label=\"JGU as employer\"\n\tdata-hide-in-nav=\"false\"\n\ttabindex=\"0\"\n\tdata-initial-scroll=\"true\"\n><\/div>\n\n\n<jgu-base-section react-props=\"{&quot;color&quot;:&quot;white&quot;,&quot;align&quot;:&quot;wide&quot;,&quot;padding&quot;:&quot;medium&quot;}\">\n<div class=\"jgu-bgsection bg bg-white \"><div class=\"content padding-medium\">\n<div class=\"wp-block-columns is-layout-flex wp-container-core-columns-is-layout-9d6595d7 wp-block-columns-is-layout-flex\">\n<div class=\"wp-block-column is-layout-flow wp-block-column-is-layout-flow\" style=\"flex-basis:50%\"><jgu-base-heading react-props=\"{\n    &quot;index&quot;: &quot;Our profile&quot;,\n    &quot;tags&quot;: {\n        &quot;htmlTag&quot;: &quot;h2&quot;,\n        &quot;classTag&quot;: &quot;&quot;,\n        &quot;tag&quot;: &quot;h2&quot;\n    },\n    &quot;heading&quot;: &quot;JGU as employer&quot;,\n    &quot;textAlign&quot;: &quot;left&quot;,\n    &quot;anchor&quot;: &quot;&quot;,\n    &quot;color&quot;: &quot;red&quot;\n}\"><\/jgu-base-heading>\n\n\n\n<p class=\"has-big-font-size\">JGU is looking for the &#8220;best and most suitable minds&#8221; for the university and relies on professional and transparent selection of personnel.  <br>The focus is always on diversity and equal opportunities: it sees opportunity and enrichment in the grant and appreciation of the individual skills and talents of all its members.  <br>With this clear commitment to a diversity-oriented university culture, it creates a motivating environment that promotes job satisfaction and enables employment to make its contribution to achieving the university&#8217;s goals.  <\/p>\n<\/div>\n\n\n\n<div class=\"wp-block-column is-layout-flow wp-block-column-is-layout-flow\" style=\"flex-basis:50%\"><jgu-base-image react-props=\"{\n    &quot;image&quot;: {\n        &quot;url&quot;: null,\n        &quot;id&quot;: 32\n    },\n    &quot;align&quot;: &quot;&quot;,\n    &quot;hasLightbox&quot;: false,\n    &quot;caption&quot;: &quot;&quot;,\n    &quot;imgWidth&quot;: 0,\n    &quot;link&quot;: {\n        &quot;url&quot;: &quot;&quot;,\n        &quot;target&quot;: &quot;&quot;,\n        &quot;rel&quot;: &quot;&quot;\n    }\n}\" class=\"align-\">\n    \n<\/jgu-base-image><\/div>\n<\/div>\n<\/div><\/div>\n<\/jgu-base-section>\n\n\n<div style=\"height:60px\" aria-hidden=\"true\" class=\"wp-block-spacer\"><\/div>\n\n\n<div\n\tclass=\"jgu-anchorpoint\"\n\tid=\"our-job-offers\"\n\tdata-label=\"Our job offers\"\n\tdata-hide-in-nav=\"false\"\n\ttabindex=\"0\"\n\tdata-initial-scroll=\"true\"\n><\/div>\n\n\n<jgu-base-section react-props=\"{&quot;color&quot;:&quot;white&quot;,&quot;align&quot;:&quot;wide&quot;,&quot;padding&quot;:&quot;medium&quot;}\">\n<div class=\"jgu-bgsection bg bg-white \"><div class=\"content padding-medium\"><jgu-base-heading react-props=\"{\n    &quot;index&quot;: &quot;The right job at JGU for you&quot;,\n    &quot;tags&quot;: {\n        &quot;htmlTag&quot;: &quot;h2&quot;,\n        &quot;classTag&quot;: &quot;&quot;,\n        &quot;tag&quot;: &quot;h2&quot;\n    },\n    &quot;heading&quot;: &quot;Our job offers&quot;,\n    &quot;textAlign&quot;: &quot;left&quot;,\n    &quot;anchor&quot;: &quot;&quot;,\n    &quot;color&quot;: &quot;red&quot;\n}\"><\/jgu-base-heading>\n\n\n\n<div class=\"wp-block-columns is-layout-flex wp-container-core-columns-is-layout-9d6595d7 wp-block-columns-is-layout-flex\">\n<div class=\"wp-block-column is-layout-flow wp-block-column-is-layout-flow\"><jgu-base-teaserbox react-props=\"{\n    &quot;headline&quot;: {\n        &quot;htmlTag&quot;: &quot;h2&quot;,\n        &quot;classTag&quot;: &quot;&quot;,\n        &quot;tag&quot;: &quot;h2&quot;\n    },\n    &quot;image&quot;: {\n        &quot;id&quot;: 269,\n        &quot;url&quot;: &quot;https:\\\/\\\/cms.zdv.uni-mainz.de\\\/karriere\\\/wp-content\\\/uploads\\\/sites\\\/44\\\/2023\\\/12\\\/JGU-Karriere-Professuren-1-scaled-1.jpg&quot;,\n        &quot;alt&quot;: &quot;Eine der vielen Bibliotheken an der Universit\\u00e4t Mainz: Hier finden Hochschullehrer Karrierem\\u00f6glichkeiten, aktuelle vakante Lehrst\\u00fchle und Perspektiven f\\u00fcr ihre akademische Karriere in Forschung und Lehre.&quot;,\n        &quot;credit&quot;: &quot;\\u00a9 JGU \\\/ PA4&quot;,\n        &quot;title&quot;: &quot;Bibliothek&quot;,\n        &quot;width&quot;: 2560,\n        &quot;height&quot;: 1707,\n        &quot;srcset&quot;: &quot;https:\\\/\\\/cms.zdv.uni-mainz.de\\\/karriere\\\/wp-content\\\/uploads\\\/sites\\\/44\\\/2023\\\/12\\\/JGU-Karriere-Professuren-1-scaled-1.jpg 2560w, https:\\\/\\\/cms.zdv.uni-mainz.de\\\/karriere\\\/wp-content\\\/uploads\\\/sites\\\/44\\\/2023\\\/12\\\/JGU-Karriere-Professuren-1-scaled-1-300x200.jpg 300w, https:\\\/\\\/cms.zdv.uni-mainz.de\\\/karriere\\\/wp-content\\\/uploads\\\/sites\\\/44\\\/2023\\\/12\\\/JGU-Karriere-Professuren-1-scaled-1-1024x683.jpg 1024w, https:\\\/\\\/cms.zdv.uni-mainz.de\\\/karriere\\\/wp-content\\\/uploads\\\/sites\\\/44\\\/2023\\\/12\\\/JGU-Karriere-Professuren-1-scaled-1-768x512.jpg 768w, https:\\\/\\\/cms.zdv.uni-mainz.de\\\/karriere\\\/wp-content\\\/uploads\\\/sites\\\/44\\\/2023\\\/12\\\/JGU-Karriere-Professuren-1-scaled-1-1536x1024.jpg 1536w, https:\\\/\\\/cms.zdv.uni-mainz.de\\\/karriere\\\/wp-content\\\/uploads\\\/sites\\\/44\\\/2023\\\/12\\\/JGU-Karriere-Professuren-1-scaled-1-2048x1366.jpg 2048w&quot;\n    },\n    &quot;color&quot;: &quot;red&quot;,\n    &quot;index&quot;: &quot;Job offers&quot;,\n    &quot;title&quot;: &quot;Professorships&quot;,\n    &quot;linkTitle&quot;: &quot;learn more&quot;,\n    &quot;link&quot;: {\n        &quot;url&quot;: &quot;https:\\\/\\\/berufungsportal.uni-mainz.de\\\/ausschreibungsportale\\\/stellen?lang=en&quot;,\n        &quot;id&quot;: 395,\n        &quot;title&quot;: &quot;Professuren&quot;,\n        &quot;type&quot;: &quot;page&quot;,\n        &quot;kind&quot;: &quot;post-type&quot;,\n        &quot;opensInNewTab&quot;: true\n    },\n    &quot;align&quot;: &quot;wide&quot;,\n    &quot;icon&quot;: &quot;&quot;,\n    &quot;iconColor&quot;: &quot;default&quot;,\n    &quot;isCalendar&quot;: false,\n    &quot;iconBoxed&quot;: false,\n    &quot;useLinkList&quot;: false,\n    &quot;linkList&quot;: {},\n    &quot;hideThumbnail&quot;: false,\n    &quot;type&quot;: &quot;boxed&quot;,\n    &quot;excerpt&quot;: &quot;&quot;,\n    &quot;linkStyle&quot;: &quot;default&quot;,\n    &quot;overboxImage&quot;: false,\n    &quot;differingHeadlineColor&quot;: false,\n    &quot;headlineColor&quot;: &quot;&quot;,\n    &quot;textPositionBottom&quot;: false,\n    &quot;template&quot;: &quot;&quot;,\n    &quot;video&quot;: {\n        &quot;provider&quot;: &quot;youtube&quot;,\n        &quot;id&quot;: &quot;&quot;,\n        &quot;poster&quot;: &quot;&quot;\n    },\n    &quot;audioUrl&quot;: &quot;&quot;,\n    &quot;unbound&quot;: false\n}\">\n    \n<\/jgu-base-teaserbox><\/div>\n\n\n\n<div class=\"wp-block-column is-layout-flow wp-block-column-is-layout-flow\"><jgu-base-teaserbox react-props=\"{\n    &quot;headline&quot;: {\n        &quot;htmlTag&quot;: &quot;h2&quot;,\n        &quot;classTag&quot;: &quot;&quot;,\n        &quot;tag&quot;: &quot;h2&quot;\n    },\n    &quot;image&quot;: {\n        &quot;id&quot;: 278,\n        &quot;url&quot;: &quot;https:\\\/\\\/cms.zdv.uni-mainz.de\\\/karriere\\\/wp-content\\\/uploads\\\/sites\\\/44\\\/2023\\\/12\\\/JGU-Karriere-Forschung-und-Lehre-1-scaled-2.jpg&quot;,\n        &quot;alt&quot;: &quot;Ein H\\u00f6rsaal an der Universit\\u00e4t Mainz. Starten Sie ihre wissenschaftliche Karriere als Doktorand\\\/in, Postdoktorand\\\/in, Wissenschaftliche\\\/r Mitarbeiter\\\/in in Forschung und Lehre an einer der gro\\u00dfen, renommierten Universit\\u00e4ten in Deutschland.&quot;,\n        &quot;credit&quot;: &quot;\\u00a9 JGU \\\/ PA4&quot;,\n        &quot;title&quot;: &quot;Forschung und Lehre&quot;,\n        &quot;width&quot;: 2560,\n        &quot;height&quot;: 1706,\n        &quot;srcset&quot;: &quot;https:\\\/\\\/cms.zdv.uni-mainz.de\\\/karriere\\\/wp-content\\\/uploads\\\/sites\\\/44\\\/2023\\\/12\\\/JGU-Karriere-Forschung-und-Lehre-1-scaled-2.jpg 2560w, https:\\\/\\\/cms.zdv.uni-mainz.de\\\/karriere\\\/wp-content\\\/uploads\\\/sites\\\/44\\\/2023\\\/12\\\/JGU-Karriere-Forschung-und-Lehre-1-scaled-2-300x200.jpg 300w, https:\\\/\\\/cms.zdv.uni-mainz.de\\\/karriere\\\/wp-content\\\/uploads\\\/sites\\\/44\\\/2023\\\/12\\\/JGU-Karriere-Forschung-und-Lehre-1-scaled-2-1024x682.jpg 1024w, https:\\\/\\\/cms.zdv.uni-mainz.de\\\/karriere\\\/wp-content\\\/uploads\\\/sites\\\/44\\\/2023\\\/12\\\/JGU-Karriere-Forschung-und-Lehre-1-scaled-2-768x512.jpg 768w, https:\\\/\\\/cms.zdv.uni-mainz.de\\\/karriere\\\/wp-content\\\/uploads\\\/sites\\\/44\\\/2023\\\/12\\\/JGU-Karriere-Forschung-und-Lehre-1-scaled-2-1536x1024.jpg 1536w, https:\\\/\\\/cms.zdv.uni-mainz.de\\\/karriere\\\/wp-content\\\/uploads\\\/sites\\\/44\\\/2023\\\/12\\\/JGU-Karriere-Forschung-und-Lehre-1-scaled-2-2048x1365.jpg 2048w&quot;\n    },\n    &quot;color&quot;: &quot;blue&quot;,\n    &quot;index&quot;: &quot;Job offers&quot;,\n    &quot;title&quot;: &quot;Research and teaching&quot;,\n    &quot;linkTitle&quot;: &quot;learn more&quot;,\n    &quot;link&quot;: {\n        &quot;url&quot;: &quot;https:\\\/\\\/stellenboerse.uni-mainz.de\\\/HPv3.Jobs\\\/jgu\\\/stellenangebote\\\/de\\\/all?category=3&quot;,\n        &quot;opensInNewTab&quot;: true\n    },\n    &quot;align&quot;: &quot;wide&quot;,\n    &quot;icon&quot;: &quot;&quot;,\n    &quot;iconColor&quot;: &quot;default&quot;,\n    &quot;isCalendar&quot;: false,\n    &quot;iconBoxed&quot;: false,\n    &quot;useLinkList&quot;: false,\n    &quot;linkList&quot;: {},\n    &quot;hideThumbnail&quot;: false,\n    &quot;type&quot;: &quot;boxed&quot;,\n    &quot;excerpt&quot;: &quot;&quot;,\n    &quot;linkStyle&quot;: &quot;default&quot;,\n    &quot;overboxImage&quot;: false,\n    &quot;differingHeadlineColor&quot;: false,\n    &quot;headlineColor&quot;: &quot;&quot;,\n    &quot;textPositionBottom&quot;: false,\n    &quot;template&quot;: &quot;&quot;,\n    &quot;video&quot;: {\n        &quot;provider&quot;: &quot;youtube&quot;,\n        &quot;id&quot;: &quot;&quot;,\n        &quot;poster&quot;: &quot;&quot;\n    },\n    &quot;audioUrl&quot;: &quot;&quot;,\n    &quot;unbound&quot;: false\n}\">\n    \n<\/jgu-base-teaserbox><\/div>\n\n\n\n<div class=\"wp-block-column is-layout-flow wp-block-column-is-layout-flow\"><jgu-base-teaserbox react-props=\"{\n    &quot;headline&quot;: {\n        &quot;htmlTag&quot;: &quot;h2&quot;,\n        &quot;classTag&quot;: &quot;&quot;,\n        &quot;tag&quot;: &quot;h2&quot;\n    },\n    &quot;image&quot;: {\n        &quot;id&quot;: 281,\n        &quot;url&quot;: &quot;https:\\\/\\\/cms.zdv.uni-mainz.de\\\/karriere\\\/wp-content\\\/uploads\\\/sites\\\/44\\\/2023\\\/12\\\/JGU-Karriere-Management-Administration-1-scaled-1.jpg&quot;,\n        &quot;alt&quot;: &quot;Arbeitsmaterial aus der Verwaltung der Universit\\u00e4t Mainz. In Management und Administration der Uni erwarten Sie viele Stellen und Jobs mit ausgezeichneten Karriere-M\\u00f6glichkeiten. \\u00dcberzeugen Sie sich selbst von den vielen Benefits und Vorteilen!&quot;,\n        &quot;credit&quot;: &quot;\\u00a9 JGU \\\/ PA4&quot;,\n        &quot;title&quot;: &quot;Administration&quot;,\n        &quot;width&quot;: 2560,\n        &quot;height&quot;: 1706,\n        &quot;srcset&quot;: &quot;https:\\\/\\\/cms.zdv.uni-mainz.de\\\/karriere\\\/wp-content\\\/uploads\\\/sites\\\/44\\\/2023\\\/12\\\/JGU-Karriere-Management-Administration-1-scaled-1.jpg 2560w, https:\\\/\\\/cms.zdv.uni-mainz.de\\\/karriere\\\/wp-content\\\/uploads\\\/sites\\\/44\\\/2023\\\/12\\\/JGU-Karriere-Management-Administration-1-scaled-1-300x200.jpg 300w, https:\\\/\\\/cms.zdv.uni-mainz.de\\\/karriere\\\/wp-content\\\/uploads\\\/sites\\\/44\\\/2023\\\/12\\\/JGU-Karriere-Management-Administration-1-scaled-1-1024x682.jpg 1024w, https:\\\/\\\/cms.zdv.uni-mainz.de\\\/karriere\\\/wp-content\\\/uploads\\\/sites\\\/44\\\/2023\\\/12\\\/JGU-Karriere-Management-Administration-1-scaled-1-768x512.jpg 768w, https:\\\/\\\/cms.zdv.uni-mainz.de\\\/karriere\\\/wp-content\\\/uploads\\\/sites\\\/44\\\/2023\\\/12\\\/JGU-Karriere-Management-Administration-1-scaled-1-1536x1024.jpg 1536w, https:\\\/\\\/cms.zdv.uni-mainz.de\\\/karriere\\\/wp-content\\\/uploads\\\/sites\\\/44\\\/2023\\\/12\\\/JGU-Karriere-Management-Administration-1-scaled-1-2048x1365.jpg 2048w&quot;\n    },\n    &quot;color&quot;: &quot;orange&quot;,\n    &quot;index&quot;: &quot;Job offers&quot;,\n    &quot;title&quot;: &quot;Management &amp;amp; Administration&quot;,\n    &quot;linkTitle&quot;: &quot;learn more&quot;,\n    &quot;link&quot;: {\n        &quot;url&quot;: &quot;https:\\\/\\\/stellenboerse.uni-mainz.de\\\/HPv3.Jobs\\\/jgu\\\/stellenangebote\\\/de\\\/all?category=1&quot;,\n        &quot;id&quot;: &quot;https:\\\/\\\/stellenboerse.uni-mainz.de\\\/HPv3.Jobs\\\/jgu\\\/stellenangebote\\\/de\\\/all?category=1&quot;,\n        &quot;title&quot;: &quot;https:\\\/\\\/stellenboerse.uni-mainz.de\\\/HPv3.Jobs\\\/jgu\\\/stellenangebote\\\/de\\\/all?category=1&quot;,\n        &quot;type&quot;: &quot;link&quot;,\n        &quot;opensInNewTab&quot;: true\n    },\n    &quot;align&quot;: &quot;wide&quot;,\n    &quot;icon&quot;: &quot;&quot;,\n    &quot;iconColor&quot;: &quot;default&quot;,\n    &quot;isCalendar&quot;: false,\n    &quot;iconBoxed&quot;: false,\n    &quot;useLinkList&quot;: false,\n    &quot;linkList&quot;: {},\n    &quot;hideThumbnail&quot;: false,\n    &quot;type&quot;: &quot;boxed&quot;,\n    &quot;excerpt&quot;: &quot;&quot;,\n    &quot;linkStyle&quot;: &quot;default&quot;,\n    &quot;overboxImage&quot;: false,\n    &quot;differingHeadlineColor&quot;: false,\n    &quot;headlineColor&quot;: &quot;&quot;,\n    &quot;textPositionBottom&quot;: false,\n    &quot;template&quot;: &quot;&quot;,\n    &quot;video&quot;: {\n        &quot;provider&quot;: &quot;youtube&quot;,\n        &quot;id&quot;: &quot;&quot;,\n        &quot;poster&quot;: &quot;&quot;\n    },\n    &quot;audioUrl&quot;: &quot;&quot;,\n    &quot;unbound&quot;: false\n}\">\n    \n<\/jgu-base-teaserbox><\/div>\n<\/div>\n\n\n\n<div class=\"wp-block-columns is-layout-flex wp-container-core-columns-is-layout-9d6595d7 wp-block-columns-is-layout-flex\">\n<div class=\"wp-block-column is-layout-flow wp-block-column-is-layout-flow\"><jgu-base-teaserbox react-props=\"{\n    &quot;headline&quot;: {\n        &quot;htmlTag&quot;: &quot;h2&quot;,\n        &quot;classTag&quot;: &quot;&quot;,\n        &quot;tag&quot;: &quot;h2&quot;\n    },\n    &quot;image&quot;: {\n        &quot;id&quot;: 1050,\n        &quot;url&quot;: &quot;https:\\\/\\\/cms.zdv.uni-mainz.de\\\/karriere\\\/wp-content\\\/uploads\\\/sites\\\/44\\\/2024\\\/01\\\/Informatikstudiumm_Ausschreibung-scaled.jpg&quot;,\n        &quot;alt&quot;: &quot;Gro\\u00dfrechner im Rechenzentrum der Uni Mainz. Unsere IT-Jobs und Technik-Stellen bieten Ihnen ein innovatives und interessantes Arbeitsumfeld viele Karriereoption f\\u00fcr Webentwickler, Softwareentwickler, Netzwerkadministratoren und IT-Security-Experten. Darunter flexible Arbeitszeiten, Homeoffice und weitere Vorteile. Jetzt einfach online bewerben!&quot;,\n        &quot;caption&quot;: &quot;MOGON II Grossrechner Johannes Gutenberg-Universit\\u00e4t Mainz&quot;,\n        &quot;credit&quot;: &quot;\\u00a9 JGU \\\/ Stefan F. S\\u00e4mmer, www.samphoto.de, +49 163 7343300&quot;,\n        &quot;title&quot;: &quot;Informatik&quot;,\n        &quot;width&quot;: 2560,\n        &quot;height&quot;: 1707,\n        &quot;srcset&quot;: &quot;https:\\\/\\\/cms.zdv.uni-mainz.de\\\/karriere\\\/wp-content\\\/uploads\\\/sites\\\/44\\\/2024\\\/01\\\/Informatikstudiumm_Ausschreibung-scaled.jpg 2560w, https:\\\/\\\/cms.zdv.uni-mainz.de\\\/karriere\\\/wp-content\\\/uploads\\\/sites\\\/44\\\/2024\\\/01\\\/Informatikstudiumm_Ausschreibung-300x200.jpg 300w, https:\\\/\\\/cms.zdv.uni-mainz.de\\\/karriere\\\/wp-content\\\/uploads\\\/sites\\\/44\\\/2024\\\/01\\\/Informatikstudiumm_Ausschreibung-1024x683.jpg 1024w, https:\\\/\\\/cms.zdv.uni-mainz.de\\\/karriere\\\/wp-content\\\/uploads\\\/sites\\\/44\\\/2024\\\/01\\\/Informatikstudiumm_Ausschreibung-768x512.jpg 768w, https:\\\/\\\/cms.zdv.uni-mainz.de\\\/karriere\\\/wp-content\\\/uploads\\\/sites\\\/44\\\/2024\\\/01\\\/Informatikstudiumm_Ausschreibung-1536x1024.jpg 1536w, https:\\\/\\\/cms.zdv.uni-mainz.de\\\/karriere\\\/wp-content\\\/uploads\\\/sites\\\/44\\\/2024\\\/01\\\/Informatikstudiumm_Ausschreibung-2048x1365.jpg 2048w&quot;\n    },\n    &quot;color&quot;: &quot;dark&quot;,\n    &quot;index&quot;: &quot;Job offers&quot;,\n    &quot;title&quot;: &quot;IT &amp;amp; Technics Department&quot;,\n    &quot;linkTitle&quot;: &quot;learn more&quot;,\n    &quot;link&quot;: {\n        &quot;url&quot;: &quot;karriere.uni-mainz.de\\\/it-technik\\\/&quot;,\n        &quot;opensInNewTab&quot;: true\n    },\n    &quot;textPositionBottom&quot;: true,\n    &quot;align&quot;: &quot;wide&quot;,\n    &quot;icon&quot;: &quot;&quot;,\n    &quot;iconColor&quot;: &quot;default&quot;,\n    &quot;isCalendar&quot;: false,\n    &quot;iconBoxed&quot;: false,\n    &quot;useLinkList&quot;: false,\n    &quot;linkList&quot;: {},\n    &quot;hideThumbnail&quot;: false,\n    &quot;type&quot;: &quot;boxed&quot;,\n    &quot;excerpt&quot;: &quot;&quot;,\n    &quot;linkStyle&quot;: &quot;default&quot;,\n    &quot;overboxImage&quot;: false,\n    &quot;differingHeadlineColor&quot;: false,\n    &quot;headlineColor&quot;: &quot;&quot;,\n    &quot;template&quot;: &quot;&quot;,\n    &quot;video&quot;: {\n        &quot;provider&quot;: &quot;youtube&quot;,\n        &quot;id&quot;: &quot;&quot;,\n        &quot;poster&quot;: &quot;&quot;\n    },\n    &quot;audioUrl&quot;: &quot;&quot;,\n    &quot;unbound&quot;: false\n}\">\n    \n<\/jgu-base-teaserbox>\n\n\n<div style=\"height:90px\" aria-hidden=\"true\" class=\"wp-block-spacer\"><\/div>\n<\/div>\n\n\n\n<div class=\"wp-block-column is-layout-flow wp-block-column-is-layout-flow\"><jgu-base-teaserbox react-props=\"{\n    &quot;headline&quot;: {\n        &quot;htmlTag&quot;: &quot;h2&quot;,\n        &quot;classTag&quot;: &quot;&quot;,\n        &quot;tag&quot;: &quot;h2&quot;\n    },\n    &quot;image&quot;: {\n        &quot;id&quot;: 1014,\n        &quot;url&quot;: &quot;https:\\\/\\\/cms.zdv.uni-mainz.de\\\/karriere\\\/wp-content\\\/uploads\\\/sites\\\/44\\\/2024\\\/01\\\/Kaufleute-scaled.jpg&quot;,\n        &quot;credit&quot;: &quot;\\u00a9 JGU \\\/ PA4&quot;,\n        &quot;alt&quot;: &quot;Eine Auszubildende in einem der modernen Geb\\u00e4ude der Uni Mainz. Hier findest du viele M\\u00f6glichkeiten f\\u00fcr deinen Karrierestart durch eine von 12 Ausbildungen oder in einem Dualen Studiengang. Bewirb dich jetzt f\\u00fcr Jobs, Praktika oder deinen Start ins Berufsleben.&quot;,\n        &quot;title&quot;: &quot;B\\u00fcrokauffrau \\\/-mann&quot;,\n        &quot;width&quot;: 2560,\n        &quot;height&quot;: 1920,\n        &quot;srcset&quot;: &quot;https:\\\/\\\/cms.zdv.uni-mainz.de\\\/karriere\\\/wp-content\\\/uploads\\\/sites\\\/44\\\/2024\\\/01\\\/Kaufleute-scaled.jpg 2560w, https:\\\/\\\/cms.zdv.uni-mainz.de\\\/karriere\\\/wp-content\\\/uploads\\\/sites\\\/44\\\/2024\\\/01\\\/Kaufleute-300x225.jpg 300w, https:\\\/\\\/cms.zdv.uni-mainz.de\\\/karriere\\\/wp-content\\\/uploads\\\/sites\\\/44\\\/2024\\\/01\\\/Kaufleute-1024x768.jpg 1024w, https:\\\/\\\/cms.zdv.uni-mainz.de\\\/karriere\\\/wp-content\\\/uploads\\\/sites\\\/44\\\/2024\\\/01\\\/Kaufleute-768x576.jpg 768w, https:\\\/\\\/cms.zdv.uni-mainz.de\\\/karriere\\\/wp-content\\\/uploads\\\/sites\\\/44\\\/2024\\\/01\\\/Kaufleute-1536x1152.jpg 1536w, https:\\\/\\\/cms.zdv.uni-mainz.de\\\/karriere\\\/wp-content\\\/uploads\\\/sites\\\/44\\\/2024\\\/01\\\/Kaufleute-2048x1536.jpg 2048w&quot;\n    },\n    &quot;color&quot;: &quot;gold&quot;,\n    &quot;index&quot;: &quot;Job offers&quot;,\n    &quot;title&quot;: &quot;Training, dual study program &amp;amp; internship&quot;,\n    &quot;excerpt&quot;: &quot;Find out everything you need to know about training, dual study programs and internships.&quot;,\n    &quot;linkTitle&quot;: &quot;learn more&quot;,\n    &quot;link&quot;: {\n        &quot;url&quot;: &quot;https:\\\/\\\/cms.zdv.uni-mainz.de\\\/karriere\\\/ausbildung-duales-studium-und-praktikum\\\/&quot;,\n        &quot;id&quot;: 260,\n        &quot;title&quot;: &quot;Ausbildung, Duales Studium und Praktikum&quot;,\n        &quot;type&quot;: &quot;page&quot;,\n        &quot;kind&quot;: &quot;post-type&quot;,\n        &quot;opensInNewTab&quot;: true\n    },\n    &quot;textPositionBottom&quot;: true,\n    &quot;align&quot;: &quot;wide&quot;,\n    &quot;icon&quot;: &quot;&quot;,\n    &quot;iconColor&quot;: &quot;default&quot;,\n    &quot;isCalendar&quot;: false,\n    &quot;iconBoxed&quot;: false,\n    &quot;useLinkList&quot;: false,\n    &quot;linkList&quot;: {},\n    &quot;hideThumbnail&quot;: false,\n    &quot;type&quot;: &quot;boxed&quot;,\n    &quot;linkStyle&quot;: &quot;default&quot;,\n    &quot;overboxImage&quot;: false,\n    &quot;differingHeadlineColor&quot;: false,\n    &quot;headlineColor&quot;: &quot;&quot;,\n    &quot;template&quot;: &quot;&quot;,\n    &quot;video&quot;: {\n        &quot;provider&quot;: &quot;youtube&quot;,\n        &quot;id&quot;: &quot;&quot;,\n        &quot;poster&quot;: &quot;&quot;\n    },\n    &quot;audioUrl&quot;: &quot;&quot;,\n    &quot;unbound&quot;: false\n}\">\n    \n<\/jgu-base-teaserbox><\/div>\n\n\n\n<div class=\"wp-block-column is-layout-flow wp-block-column-is-layout-flow\"><jgu-base-teaserbox react-props=\"{\n    &quot;headline&quot;: {\n        &quot;htmlTag&quot;: &quot;h2&quot;,\n        &quot;classTag&quot;: &quot;&quot;,\n        &quot;tag&quot;: &quot;h2&quot;\n    },\n    &quot;image&quot;: {\n        &quot;id&quot;: 290,\n        &quot;url&quot;: &quot;https:\\\/\\\/cms.zdv.uni-mainz.de\\\/karriere\\\/wp-content\\\/uploads\\\/sites\\\/44\\\/2023\\\/12\\\/JGU-Karriere-Hiwis-scaled-1.jpg&quot;,\n        &quot;alt&quot;: &quot;Eine Studentin arbeitet an einem Tisch am Laptop. Stellen f\\u00fcr Wissenschaftliche Hilfskr\\u00e4fte und studentische Nebenjobs an der Universit\\u00e4t Mainz (JGU) bieten einen hervorragenden Nebenverdienst im Studium. Bewerben Sie sich jetzt f\\u00fcr den Einstieg in Ihre Karriere.&quot;,\n        &quot;credit&quot;: &quot;\\u00a9 JGU \\\/ PA4&quot;,\n        &quot;title&quot;: &quot;Hiwi&quot;,\n        &quot;width&quot;: 2560,\n        &quot;height&quot;: 1706,\n        &quot;srcset&quot;: &quot;https:\\\/\\\/cms.zdv.uni-mainz.de\\\/karriere\\\/wp-content\\\/uploads\\\/sites\\\/44\\\/2023\\\/12\\\/JGU-Karriere-Hiwis-scaled-1.jpg 2560w, https:\\\/\\\/cms.zdv.uni-mainz.de\\\/karriere\\\/wp-content\\\/uploads\\\/sites\\\/44\\\/2023\\\/12\\\/JGU-Karriere-Hiwis-scaled-1-300x200.jpg 300w, https:\\\/\\\/cms.zdv.uni-mainz.de\\\/karriere\\\/wp-content\\\/uploads\\\/sites\\\/44\\\/2023\\\/12\\\/JGU-Karriere-Hiwis-scaled-1-1024x682.jpg 1024w, https:\\\/\\\/cms.zdv.uni-mainz.de\\\/karriere\\\/wp-content\\\/uploads\\\/sites\\\/44\\\/2023\\\/12\\\/JGU-Karriere-Hiwis-scaled-1-768x512.jpg 768w, https:\\\/\\\/cms.zdv.uni-mainz.de\\\/karriere\\\/wp-content\\\/uploads\\\/sites\\\/44\\\/2023\\\/12\\\/JGU-Karriere-Hiwis-scaled-1-1536x1024.jpg 1536w, https:\\\/\\\/cms.zdv.uni-mainz.de\\\/karriere\\\/wp-content\\\/uploads\\\/sites\\\/44\\\/2023\\\/12\\\/JGU-Karriere-Hiwis-scaled-1-2048x1365.jpg 2048w&quot;\n    },\n    &quot;color&quot;: &quot;gray&quot;,\n    &quot;index&quot;: &quot;Job offers&quot;,\n    &quot;title&quot;: &quot;Student Assistants&quot;,\n    &quot;linkTitle&quot;: &quot;learn more&quot;,\n    &quot;link&quot;: {\n        &quot;url&quot;: &quot;https:\\\/\\\/stellenboerse.uni-mainz.de\\\/HPv3.Jobs\\\/jgu\\\/stellenangebote\\\/de\\\/all?category=6&quot;,\n        &quot;id&quot;: &quot;https:\\\/\\\/stellenboerse.uni-mainz.de\\\/HPv3.Jobs\\\/jgu\\\/stellenangebote&quot;,\n        &quot;title&quot;: &quot;https:\\\/\\\/stellenboerse.uni-mainz.de\\\/HPv3.Jobs\\\/jgu\\\/stellenangebote&quot;,\n        &quot;type&quot;: &quot;link&quot;,\n        &quot;opensInNewTab&quot;: true\n    },\n    &quot;textPositionBottom&quot;: true,\n    &quot;align&quot;: &quot;wide&quot;,\n    &quot;icon&quot;: &quot;&quot;,\n    &quot;iconColor&quot;: &quot;default&quot;,\n    &quot;isCalendar&quot;: false,\n    &quot;iconBoxed&quot;: false,\n    &quot;useLinkList&quot;: false,\n    &quot;linkList&quot;: {},\n    &quot;hideThumbnail&quot;: false,\n    &quot;type&quot;: &quot;boxed&quot;,\n    &quot;excerpt&quot;: &quot;&quot;,\n    &quot;linkStyle&quot;: &quot;default&quot;,\n    &quot;overboxImage&quot;: false,\n    &quot;differingHeadlineColor&quot;: false,\n    &quot;headlineColor&quot;: &quot;&quot;,\n    &quot;template&quot;: &quot;&quot;,\n    &quot;video&quot;: {\n        &quot;provider&quot;: &quot;youtube&quot;,\n        &quot;id&quot;: &quot;&quot;,\n        &quot;poster&quot;: &quot;&quot;\n    },\n    &quot;audioUrl&quot;: &quot;&quot;,\n    &quot;unbound&quot;: false\n}\">\n    \n<\/jgu-base-teaserbox><\/div>\n<\/div>\n\n\n\n<div class=\"wp-block-columns is-layout-flex wp-container-core-columns-is-layout-9d6595d7 wp-block-columns-is-layout-flex\">\n<div class=\"wp-block-column is-layout-flow wp-block-column-is-layout-flow\"><jgu-base-button style=\"display: flex; flex-wrap: wrap; column-gap: 30px; max-width: 100%; flex-direction: row; justify-content: center\">\n  \n<jgu-base-buttonitem react-props=\"{\n    &quot;text&quot;: &quot;Subscribe to job alert&quot;,\n    &quot;styling&quot;: &quot;default&quot;,\n    &quot;icon&quot;: &quot;bullhorn-solid&quot;,\n    &quot;link&quot;: {\n        &quot;url&quot;: &quot;https:\\\/\\\/stellenboerse.uni-mainz.de\\\/#\\\/jgu\\\/jobs&quot;,\n        &quot;linkTarget&quot;: &quot;&quot;,\n        &quot;rel&quot;: &quot;&quot;,\n        &quot;id&quot;: &quot;https:\\\/\\\/stellenboerse.uni-mainz.de\\\/#\\\/jgu\\\/jobs&quot;,\n        &quot;title&quot;: &quot;https:\\\/\\\/stellenboerse.uni-mainz.de\\\/#\\\/jgu\\\/jobs&quot;,\n        &quot;type&quot;: &quot;link&quot;,\n        &quot;opensInNewTab&quot;: true\n    },\n    &quot;align&quot;: &quot;left&quot;,\n    &quot;type&quot;: &quot;default&quot;,\n    &quot;iconBefore&quot;: false,\n    &quot;isSmall&quot;: false,\n    &quot;fullWidth&quot;: false,\n    &quot;className&quot;: &quot;&quot;\n}\"><\/jgu-base-buttonitem>\n\n<\/jgu-base-button><\/div>\n\n\n\n<div class=\"wp-block-column is-layout-flow wp-block-column-is-layout-flow\"><jgu-base-button style=\"display: flex; flex-wrap: wrap; column-gap: 30px; max-width: 100%; flex-direction: row; justify-content: center\">\n  \n<jgu-base-buttonitem react-props=\"{\n    &quot;text&quot;: &quot;Job offers for JGU members&quot;,\n    &quot;styling&quot;: &quot;default&quot;,\n    &quot;link&quot;: {\n        &quot;url&quot;: &quot;https:\\\/\\\/www.verwaltung.personal.uni-mainz.de\\\/interne-stellenausschreibungen\\\/&quot;,\n        &quot;id&quot;: &quot;https:\\\/\\\/www.verwaltung.personal.uni-mainz.de\\\/interne-stellenausschreibungen\\\/&quot;,\n        &quot;title&quot;: &quot;https:\\\/\\\/www.verwaltung.personal.uni-mainz.de\\\/interne-stellenausschreibungen\\\/&quot;,\n        &quot;type&quot;: &quot;link&quot;,\n        &quot;opensInNewTab&quot;: true\n    },\n    &quot;align&quot;: &quot;left&quot;,\n    &quot;icon&quot;: &quot;arrow-right-solid&quot;,\n    &quot;type&quot;: &quot;default&quot;,\n    &quot;iconBefore&quot;: false,\n    &quot;isSmall&quot;: false,\n    &quot;fullWidth&quot;: false,\n    &quot;className&quot;: &quot;&quot;\n}\"><\/jgu-base-buttonitem>\n\n<\/jgu-base-button><\/div>\n\n\n\n<div class=\"wp-block-column is-layout-flow wp-block-column-is-layout-flow\"><jgu-base-button style=\"display: flex; flex-wrap: wrap; column-gap: 30px; max-width: 100%; flex-direction: row; justify-content: center\">\n  \n<jgu-base-buttonitem react-props=\"{\n    &quot;text&quot;: &quot;Open Positions in the Region&quot;,\n    &quot;styling&quot;: &quot;default&quot;,\n    &quot;link&quot;: {\n        &quot;url&quot;: &quot;https:\\\/\\\/karriere.uni-mainz.de\\\/en\\\/job-offers-in-the-region\\\/&quot;,\n        &quot;linkTarget&quot;: &quot;&quot;,\n        &quot;rel&quot;: &quot;&quot;,\n        &quot;id&quot;: 332,\n        &quot;title&quot;: &quot;https:\\\/\\\/www.verwaltung.personal.uni-mainz.de\\\/interne-stellenausschreibungen\\\/&quot;,\n        &quot;type&quot;: &quot;page&quot;,\n        &quot;opensInNewTab&quot;: true,\n        &quot;kind&quot;: &quot;post-type&quot;\n    },\n    &quot;align&quot;: &quot;left&quot;,\n    &quot;icon&quot;: &quot;arrow-right-solid&quot;,\n    &quot;type&quot;: &quot;default&quot;,\n    &quot;iconBefore&quot;: false,\n    &quot;isSmall&quot;: false,\n    &quot;fullWidth&quot;: false,\n    &quot;className&quot;: &quot;&quot;\n}\"><\/jgu-base-buttonitem>\n\n<\/jgu-base-button><\/div>\n<\/div>\n<\/div><\/div>\n<\/jgu-base-section>\n\n<div\n\tclass=\"jgu-anchorpoint\"\n\tid=\"our-benefits\"\n\tdata-label=\"Our benefits\"\n\tdata-hide-in-nav=\"false\"\n\ttabindex=\"0\"\n\tdata-initial-scroll=\"true\"\n><\/div>\n\n\n<jgu-base-section react-props=\"{&quot;color&quot;:&quot;white&quot;,&quot;align&quot;:&quot;wide&quot;,&quot;padding&quot;:&quot;medium&quot;}\">\n<div class=\"jgu-bgsection bg bg-white \"><div class=\"content padding-medium\"><jgu-base-heading react-props=\"{\n    &quot;index&quot;: &quot;Our benefits&quot;,\n    &quot;tags&quot;: {\n        &quot;htmlTag&quot;: &quot;h2&quot;,\n        &quot;classTag&quot;: &quot;&quot;,\n        &quot;tag&quot;: &quot;h2&quot;\n    },\n    &quot;heading&quot;: &quot;Benefits for our employees&quot;,\n    &quot;textAlign&quot;: &quot;left&quot;,\n    &quot;anchor&quot;: &quot;&quot;,\n    &quot;color&quot;: &quot;red&quot;\n}\"><\/jgu-base-heading>\n\n\n<jgu-base-slider react-props=\"{&quot;perPage&quot;:6,&quot;slidesCount&quot;:6,&quot;type&quot;:&quot;&quot;,&quot;template&quot;:&quot;&quot;,&quot;useNumbers&quot;:false,&quot;scrollDistance&quot;:&quot;screen&quot;,&quot;responsiveSettings&quot;:{}}\">\n    \n<jgu-base-teaserbox react-props=\"{\n    &quot;headline&quot;: {\n        &quot;htmlTag&quot;: &quot;h2&quot;,\n        &quot;classTag&quot;: &quot;&quot;,\n        &quot;tag&quot;: &quot;h2&quot;\n    },\n    &quot;image&quot;: {\n        &quot;id&quot;: 35,\n        &quot;url&quot;: &quot;https:\\\/\\\/cms.zdv.uni-mainz.de\\\/karriere\\\/wp-content\\\/uploads\\\/sites\\\/44\\\/2023\\\/12\\\/AdobeStock_585930257-scaled-1.jpeg&quot;,\n        &quot;credit&quot;: &quot;God Image\\\/stock.adobe.com&quot;,\n        &quot;title&quot;: &quot;Minimalistic Digital Nomad Backdrop with Laptop and Travel Essentials&quot;,\n        &quot;width&quot;: 2560,\n        &quot;height&quot;: 1707,\n        &quot;srcset&quot;: &quot;https:\\\/\\\/cms.zdv.uni-mainz.de\\\/karriere\\\/wp-content\\\/uploads\\\/sites\\\/44\\\/2023\\\/12\\\/AdobeStock_585930257-scaled-1.jpeg 2560w, https:\\\/\\\/cms.zdv.uni-mainz.de\\\/karriere\\\/wp-content\\\/uploads\\\/sites\\\/44\\\/2023\\\/12\\\/AdobeStock_585930257-scaled-1-300x200.jpeg 300w, https:\\\/\\\/cms.zdv.uni-mainz.de\\\/karriere\\\/wp-content\\\/uploads\\\/sites\\\/44\\\/2023\\\/12\\\/AdobeStock_585930257-scaled-1-1024x683.jpeg 1024w, https:\\\/\\\/cms.zdv.uni-mainz.de\\\/karriere\\\/wp-content\\\/uploads\\\/sites\\\/44\\\/2023\\\/12\\\/AdobeStock_585930257-scaled-1-768x512.jpeg 768w, https:\\\/\\\/cms.zdv.uni-mainz.de\\\/karriere\\\/wp-content\\\/uploads\\\/sites\\\/44\\\/2023\\\/12\\\/AdobeStock_585930257-scaled-1-1536x1024.jpeg 1536w, https:\\\/\\\/cms.zdv.uni-mainz.de\\\/karriere\\\/wp-content\\\/uploads\\\/sites\\\/44\\\/2023\\\/12\\\/AdobeStock_585930257-scaled-1-2048x1366.jpeg 2048w&quot;\n    },\n    &quot;color&quot;: &quot;blue&quot;,\n    &quot;title&quot;: &quot;Work-Life-Balance&quot;,\n    &quot;excerpt&quot;: &quot;Fair working time regulations, flexible working hours and up to 50 % homeoffice&lt;br&gt;&lt;br&gt;Consideration of personal needs and different phases of life, possibility of a sabbatical&lt;br&gt;&quot;,\n    &quot;linkTitle&quot;: &quot;learn more&quot;,\n    &quot;template&quot;: &quot;red_h4&quot;,\n    &quot;align&quot;: &quot;wide&quot;,\n    &quot;icon&quot;: &quot;&quot;,\n    &quot;iconColor&quot;: &quot;default&quot;,\n    &quot;isCalendar&quot;: false,\n    &quot;iconBoxed&quot;: false,\n    &quot;useLinkList&quot;: false,\n    &quot;linkList&quot;: {},\n    &quot;hideThumbnail&quot;: false,\n    &quot;type&quot;: &quot;boxed&quot;,\n    &quot;index&quot;: &quot;&quot;,\n    &quot;linkStyle&quot;: &quot;default&quot;,\n    &quot;overboxImage&quot;: false,\n    &quot;differingHeadlineColor&quot;: false,\n    &quot;headlineColor&quot;: &quot;&quot;,\n    &quot;textPositionBottom&quot;: false,\n    &quot;video&quot;: {\n        &quot;provider&quot;: &quot;youtube&quot;,\n        &quot;id&quot;: &quot;&quot;,\n        &quot;poster&quot;: &quot;&quot;\n    },\n    &quot;audioUrl&quot;: &quot;&quot;,\n    &quot;unbound&quot;: false\n}\">\n    \n<jgu-base-listitem react-props=\"{\n    &quot;uuid&quot;: &quot;1699461745933&quot;,\n    &quot;align&quot;: &quot;wide&quot;,\n    &quot;showInActions&quot;: false,\n    &quot;allowNesting&quot;: true,\n    &quot;icon&quot;: &quot;&quot;,\n    &quot;title&quot;: &quot;&quot;,\n    &quot;showExpandableContent&quot;: false,\n    &quot;expandableContent&quot;: &quot;&quot;,\n    &quot;link&quot;: {\n        &quot;url&quot;: &quot;&quot;\n    }\n}\">\n    \n<\/jgu-base-listitem>\n\n<\/jgu-base-teaserbox>\n\n<jgu-base-teaserbox react-props=\"{\n    &quot;headline&quot;: {\n        &quot;htmlTag&quot;: &quot;h2&quot;,\n        &quot;classTag&quot;: &quot;&quot;,\n        &quot;tag&quot;: &quot;h2&quot;\n    },\n    &quot;image&quot;: {\n        &quot;id&quot;: 38,\n        &quot;url&quot;: &quot;https:\\\/\\\/cms.zdv.uni-mainz.de\\\/karriere\\\/wp-content\\\/uploads\\\/sites\\\/44\\\/2023\\\/12\\\/AdobeStock_610756481-scaled-1.jpeg&quot;,\n        &quot;credit&quot;: &quot;Vadym\\\/stock.adobe.com&quot;,\n        &quot;title&quot;: &quot;Woman finish watering growing money plant seedling with coin flower. Financial and investment growth. Flat vector illustration&quot;,\n        &quot;width&quot;: 2560,\n        &quot;height&quot;: 1829,\n        &quot;srcset&quot;: &quot;https:\\\/\\\/cms.zdv.uni-mainz.de\\\/karriere\\\/wp-content\\\/uploads\\\/sites\\\/44\\\/2023\\\/12\\\/AdobeStock_610756481-scaled-1.jpeg 2560w, https:\\\/\\\/cms.zdv.uni-mainz.de\\\/karriere\\\/wp-content\\\/uploads\\\/sites\\\/44\\\/2023\\\/12\\\/AdobeStock_610756481-scaled-1-300x214.jpeg 300w, https:\\\/\\\/cms.zdv.uni-mainz.de\\\/karriere\\\/wp-content\\\/uploads\\\/sites\\\/44\\\/2023\\\/12\\\/AdobeStock_610756481-scaled-1-1024x732.jpeg 1024w, https:\\\/\\\/cms.zdv.uni-mainz.de\\\/karriere\\\/wp-content\\\/uploads\\\/sites\\\/44\\\/2023\\\/12\\\/AdobeStock_610756481-scaled-1-768x549.jpeg 768w, https:\\\/\\\/cms.zdv.uni-mainz.de\\\/karriere\\\/wp-content\\\/uploads\\\/sites\\\/44\\\/2023\\\/12\\\/AdobeStock_610756481-scaled-1-1536x1097.jpeg 1536w, https:\\\/\\\/cms.zdv.uni-mainz.de\\\/karriere\\\/wp-content\\\/uploads\\\/sites\\\/44\\\/2023\\\/12\\\/AdobeStock_610756481-scaled-1-2048x1463.jpeg 2048w&quot;\n    },\n    &quot;color&quot;: &quot;orange&quot;,\n    &quot;title&quot;: &quot;Special services&quot;,\n    &quot;excerpt&quot;: &quot;Annual special payment guaranteed by collective agreement&lt;br&gt;&lt;br&gt;Additional pension provision in the public sector (VBL)&lt;br&gt;&lt;br&gt;Use of the offers of the General University Sports and the Collegium Musicum&lt;br&gt;&lt;br&gt;Occupational health management&quot;,\n    &quot;linkTitle&quot;: &quot;learn more&quot;,\n    &quot;template&quot;: &quot;red_h4&quot;,\n    &quot;align&quot;: &quot;wide&quot;,\n    &quot;icon&quot;: &quot;&quot;,\n    &quot;iconColor&quot;: &quot;default&quot;,\n    &quot;isCalendar&quot;: false,\n    &quot;iconBoxed&quot;: false,\n    &quot;useLinkList&quot;: false,\n    &quot;linkList&quot;: {},\n    &quot;hideThumbnail&quot;: false,\n    &quot;type&quot;: &quot;boxed&quot;,\n    &quot;index&quot;: &quot;&quot;,\n    &quot;linkStyle&quot;: &quot;default&quot;,\n    &quot;overboxImage&quot;: false,\n    &quot;differingHeadlineColor&quot;: false,\n    &quot;headlineColor&quot;: &quot;&quot;,\n    &quot;textPositionBottom&quot;: false,\n    &quot;video&quot;: {\n        &quot;provider&quot;: &quot;youtube&quot;,\n        &quot;id&quot;: &quot;&quot;,\n        &quot;poster&quot;: &quot;&quot;\n    },\n    &quot;audioUrl&quot;: &quot;&quot;,\n    &quot;unbound&quot;: false\n}\">\n    \n<jgu-base-listitem react-props=\"{\n    &quot;uuid&quot;: &quot;1699461745933&quot;,\n    &quot;align&quot;: &quot;wide&quot;,\n    &quot;showInActions&quot;: false,\n    &quot;allowNesting&quot;: true,\n    &quot;icon&quot;: &quot;&quot;,\n    &quot;title&quot;: &quot;&quot;,\n    &quot;showExpandableContent&quot;: false,\n    &quot;expandableContent&quot;: &quot;&quot;,\n    &quot;link&quot;: {\n        &quot;url&quot;: &quot;&quot;\n    }\n}\">\n    \n<\/jgu-base-listitem>\n\n<\/jgu-base-teaserbox>\n\n<jgu-base-teaserbox react-props=\"{\n    &quot;headline&quot;: {\n        &quot;htmlTag&quot;: &quot;h2&quot;,\n        &quot;classTag&quot;: &quot;&quot;,\n        &quot;tag&quot;: &quot;h2&quot;\n    },\n    &quot;image&quot;: {\n        &quot;id&quot;: 41,\n        &quot;url&quot;: &quot;https:\\\/\\\/cms.zdv.uni-mainz.de\\\/karriere\\\/wp-content\\\/uploads\\\/sites\\\/44\\\/2023\\\/12\\\/AdobeStock_619300211-scaled-1.jpeg&quot;,\n        &quot;caption&quot;: &quot;Clarifying complex ideas theme with light bulb - Flat lay&quot;,\n        &quot;credit&quot;: &quot;Tierney\\\/stock.adobe.com&quot;,\n        &quot;title&quot;: &quot;Clarifying complex ideas theme with light bulb&quot;,\n        &quot;width&quot;: 2560,\n        &quot;height&quot;: 1345,\n        &quot;srcset&quot;: &quot;https:\\\/\\\/cms.zdv.uni-mainz.de\\\/karriere\\\/wp-content\\\/uploads\\\/sites\\\/44\\\/2023\\\/12\\\/AdobeStock_619300211-scaled-1.jpeg 2560w, https:\\\/\\\/cms.zdv.uni-mainz.de\\\/karriere\\\/wp-content\\\/uploads\\\/sites\\\/44\\\/2023\\\/12\\\/AdobeStock_619300211-scaled-1-300x158.jpeg 300w, https:\\\/\\\/cms.zdv.uni-mainz.de\\\/karriere\\\/wp-content\\\/uploads\\\/sites\\\/44\\\/2023\\\/12\\\/AdobeStock_619300211-scaled-1-1024x538.jpeg 1024w, https:\\\/\\\/cms.zdv.uni-mainz.de\\\/karriere\\\/wp-content\\\/uploads\\\/sites\\\/44\\\/2023\\\/12\\\/AdobeStock_619300211-scaled-1-768x404.jpeg 768w, https:\\\/\\\/cms.zdv.uni-mainz.de\\\/karriere\\\/wp-content\\\/uploads\\\/sites\\\/44\\\/2023\\\/12\\\/AdobeStock_619300211-scaled-1-1536x807.jpeg 1536w, https:\\\/\\\/cms.zdv.uni-mainz.de\\\/karriere\\\/wp-content\\\/uploads\\\/sites\\\/44\\\/2023\\\/12\\\/AdobeStock_619300211-scaled-1-2048x1076.jpeg 2048w&quot;\n    },\n    &quot;color&quot;: &quot;blue-gray&quot;,\n    &quot;title&quot;: &quot;Further personal &amp;amp; professional training&quot;,\n    &quot;excerpt&quot;: &quot;Extensive internal and external human resources development offer&quot;,\n    &quot;linkTitle&quot;: &quot;learn more&quot;,\n    &quot;template&quot;: &quot;red_h4&quot;,\n    &quot;align&quot;: &quot;wide&quot;,\n    &quot;icon&quot;: &quot;&quot;,\n    &quot;iconColor&quot;: &quot;default&quot;,\n    &quot;isCalendar&quot;: false,\n    &quot;iconBoxed&quot;: false,\n    &quot;useLinkList&quot;: false,\n    &quot;linkList&quot;: {},\n    &quot;hideThumbnail&quot;: false,\n    &quot;type&quot;: &quot;boxed&quot;,\n    &quot;index&quot;: &quot;&quot;,\n    &quot;linkStyle&quot;: &quot;default&quot;,\n    &quot;overboxImage&quot;: false,\n    &quot;differingHeadlineColor&quot;: false,\n    &quot;headlineColor&quot;: &quot;&quot;,\n    &quot;textPositionBottom&quot;: false,\n    &quot;video&quot;: {\n        &quot;provider&quot;: &quot;youtube&quot;,\n        &quot;id&quot;: &quot;&quot;,\n        &quot;poster&quot;: &quot;&quot;\n    },\n    &quot;audioUrl&quot;: &quot;&quot;,\n    &quot;unbound&quot;: false\n}\">\n    \n<jgu-base-listitem react-props=\"{\n    &quot;uuid&quot;: &quot;1699461745933&quot;,\n    &quot;align&quot;: &quot;wide&quot;,\n    &quot;showInActions&quot;: false,\n    &quot;allowNesting&quot;: true,\n    &quot;icon&quot;: &quot;&quot;,\n    &quot;title&quot;: &quot;&quot;,\n    &quot;showExpandableContent&quot;: false,\n    &quot;expandableContent&quot;: &quot;&quot;,\n    &quot;link&quot;: {\n        &quot;url&quot;: &quot;&quot;\n    }\n}\">\n    \n<\/jgu-base-listitem>\n\n<\/jgu-base-teaserbox>\n\n<jgu-base-teaserbox react-props=\"{\n    &quot;headline&quot;: {\n        &quot;htmlTag&quot;: &quot;h2&quot;,\n        &quot;classTag&quot;: &quot;&quot;,\n        &quot;tag&quot;: &quot;h2&quot;\n    },\n    &quot;image&quot;: {\n        &quot;id&quot;: 44,\n        &quot;url&quot;: &quot;https:\\\/\\\/cms.zdv.uni-mainz.de\\\/karriere\\\/wp-content\\\/uploads\\\/sites\\\/44\\\/2023\\\/12\\\/AdobeStock_432628469-scaled-1.jpeg&quot;,\n        &quot;caption&quot;: &quot;Coins falling to white piggy saving ,  Financial and money deposit concept.&quot;,\n        &quot;credit&quot;: &quot;Dilok\\\/stock.adobe.com&quot;,\n        &quot;title&quot;: &quot;Coins falling to white piggy saving ,  Financial and money depos&quot;,\n        &quot;width&quot;: 2560,\n        &quot;height&quot;: 1569,\n        &quot;srcset&quot;: &quot;https:\\\/\\\/cms.zdv.uni-mainz.de\\\/karriere\\\/wp-content\\\/uploads\\\/sites\\\/44\\\/2023\\\/12\\\/AdobeStock_432628469-scaled-1.jpeg 2560w, https:\\\/\\\/cms.zdv.uni-mainz.de\\\/karriere\\\/wp-content\\\/uploads\\\/sites\\\/44\\\/2023\\\/12\\\/AdobeStock_432628469-scaled-1-300x184.jpeg 300w, https:\\\/\\\/cms.zdv.uni-mainz.de\\\/karriere\\\/wp-content\\\/uploads\\\/sites\\\/44\\\/2023\\\/12\\\/AdobeStock_432628469-scaled-1-1024x628.jpeg 1024w, https:\\\/\\\/cms.zdv.uni-mainz.de\\\/karriere\\\/wp-content\\\/uploads\\\/sites\\\/44\\\/2023\\\/12\\\/AdobeStock_432628469-scaled-1-768x471.jpeg 768w, https:\\\/\\\/cms.zdv.uni-mainz.de\\\/karriere\\\/wp-content\\\/uploads\\\/sites\\\/44\\\/2023\\\/12\\\/AdobeStock_432628469-scaled-1-1536x941.jpeg 1536w, https:\\\/\\\/cms.zdv.uni-mainz.de\\\/karriere\\\/wp-content\\\/uploads\\\/sites\\\/44\\\/2023\\\/12\\\/AdobeStock_432628469-scaled-1-2048x1255.jpeg 2048w&quot;\n    },\n    &quot;color&quot;: &quot;gold&quot;,\n    &quot;title&quot;: &quot;&lt;strong&gt;Discounts&lt;\\\/strong&gt;&quot;,\n    &quot;excerpt&quot;: &quot;Discounts when shopping in many stores through corporate benefits&lt;br&gt;&lt;br&gt;Job ticket, optionally in the entire Rhine-Main area with good transport connections to the campus&quot;,\n    &quot;linkTitle&quot;: &quot;learn more&quot;,\n    &quot;template&quot;: &quot;red_h4&quot;,\n    &quot;align&quot;: &quot;wide&quot;,\n    &quot;icon&quot;: &quot;&quot;,\n    &quot;iconColor&quot;: &quot;default&quot;,\n    &quot;isCalendar&quot;: false,\n    &quot;iconBoxed&quot;: false,\n    &quot;useLinkList&quot;: false,\n    &quot;linkList&quot;: {},\n    &quot;hideThumbnail&quot;: false,\n    &quot;type&quot;: &quot;boxed&quot;,\n    &quot;index&quot;: &quot;&quot;,\n    &quot;linkStyle&quot;: &quot;default&quot;,\n    &quot;overboxImage&quot;: false,\n    &quot;differingHeadlineColor&quot;: false,\n    &quot;headlineColor&quot;: &quot;&quot;,\n    &quot;textPositionBottom&quot;: false,\n    &quot;video&quot;: {\n        &quot;provider&quot;: &quot;youtube&quot;,\n        &quot;id&quot;: &quot;&quot;,\n        &quot;poster&quot;: &quot;&quot;\n    },\n    &quot;audioUrl&quot;: &quot;&quot;,\n    &quot;unbound&quot;: false\n}\">\n    \n<jgu-base-listitem react-props=\"{\n    &quot;uuid&quot;: &quot;1699461745933&quot;,\n    &quot;align&quot;: &quot;wide&quot;,\n    &quot;showInActions&quot;: false,\n    &quot;allowNesting&quot;: true,\n    &quot;icon&quot;: &quot;&quot;,\n    &quot;title&quot;: &quot;&quot;,\n    &quot;showExpandableContent&quot;: false,\n    &quot;expandableContent&quot;: &quot;&quot;,\n    &quot;link&quot;: {\n        &quot;url&quot;: &quot;&quot;\n    }\n}\">\n    \n<\/jgu-base-listitem>\n\n<\/jgu-base-teaserbox>\n\n<jgu-base-teaserbox react-props=\"{\n    &quot;headline&quot;: {\n        &quot;htmlTag&quot;: &quot;h2&quot;,\n        &quot;classTag&quot;: &quot;&quot;,\n        &quot;tag&quot;: &quot;h2&quot;\n    },\n    &quot;image&quot;: {\n        &quot;id&quot;: 47,\n        &quot;url&quot;: &quot;https:\\\/\\\/cms.zdv.uni-mainz.de\\\/karriere\\\/wp-content\\\/uploads\\\/sites\\\/44\\\/2023\\\/12\\\/JGU_KOM-Images_968124_Alexander-Sell.jpg&quot;,\n        &quot;credit&quot;: &quot;\\u00a9Alexander Sell&quot;,\n        &quot;title&quot;: &quot;JGU_KOM-Images_968124_Alexander-Sell&quot;,\n        &quot;width&quot;: 8192,\n        &quot;height&quot;: 5464,\n        &quot;srcset&quot;: &quot;https:\\\/\\\/cms.zdv.uni-mainz.de\\\/karriere\\\/wp-content\\\/uploads\\\/sites\\\/44\\\/2023\\\/12\\\/JGU_KOM-Images_968124_Alexander-Sell.jpg 8192w, https:\\\/\\\/cms.zdv.uni-mainz.de\\\/karriere\\\/wp-content\\\/uploads\\\/sites\\\/44\\\/2023\\\/12\\\/JGU_KOM-Images_968124_Alexander-Sell-300x200.jpg 300w, https:\\\/\\\/cms.zdv.uni-mainz.de\\\/karriere\\\/wp-content\\\/uploads\\\/sites\\\/44\\\/2023\\\/12\\\/JGU_KOM-Images_968124_Alexander-Sell-1024x683.jpg 1024w, https:\\\/\\\/cms.zdv.uni-mainz.de\\\/karriere\\\/wp-content\\\/uploads\\\/sites\\\/44\\\/2023\\\/12\\\/JGU_KOM-Images_968124_Alexander-Sell-768x512.jpg 768w, https:\\\/\\\/cms.zdv.uni-mainz.de\\\/karriere\\\/wp-content\\\/uploads\\\/sites\\\/44\\\/2023\\\/12\\\/JGU_KOM-Images_968124_Alexander-Sell-1536x1025.jpg 1536w&quot;\n    },\n    &quot;color&quot;: &quot;blue-gray&quot;,\n    &quot;title&quot;: &quot;&lt;strong&gt;Campusflair&lt;\\\/strong&gt;&quot;,\n    &quot;excerpt&quot;: &quot;Working at one of Germany&#039;s largest universities on a vibrant and international campus&lt;br&gt;&quot;,\n    &quot;linkTitle&quot;: &quot;learn more&quot;,\n    &quot;template&quot;: &quot;red_h4&quot;,\n    &quot;align&quot;: &quot;wide&quot;,\n    &quot;icon&quot;: &quot;&quot;,\n    &quot;iconColor&quot;: &quot;default&quot;,\n    &quot;isCalendar&quot;: false,\n    &quot;iconBoxed&quot;: false,\n    &quot;useLinkList&quot;: false,\n    &quot;linkList&quot;: {},\n    &quot;hideThumbnail&quot;: false,\n    &quot;type&quot;: &quot;boxed&quot;,\n    &quot;index&quot;: &quot;&quot;,\n    &quot;linkStyle&quot;: &quot;default&quot;,\n    &quot;overboxImage&quot;: false,\n    &quot;differingHeadlineColor&quot;: false,\n    &quot;headlineColor&quot;: &quot;&quot;,\n    &quot;textPositionBottom&quot;: false,\n    &quot;video&quot;: {\n        &quot;provider&quot;: &quot;youtube&quot;,\n        &quot;id&quot;: &quot;&quot;,\n        &quot;poster&quot;: &quot;&quot;\n    },\n    &quot;audioUrl&quot;: &quot;&quot;,\n    &quot;unbound&quot;: false\n}\">\n    \n<jgu-base-listitem react-props=\"{\n    &quot;uuid&quot;: &quot;1699461745933&quot;,\n    &quot;align&quot;: &quot;wide&quot;,\n    &quot;showInActions&quot;: false,\n    &quot;allowNesting&quot;: true,\n    &quot;icon&quot;: &quot;&quot;,\n    &quot;title&quot;: &quot;&quot;,\n    &quot;showExpandableContent&quot;: false,\n    &quot;expandableContent&quot;: &quot;&quot;,\n    &quot;link&quot;: {\n        &quot;url&quot;: &quot;&quot;\n    }\n}\">\n    \n<\/jgu-base-listitem>\n\n<\/jgu-base-teaserbox>\n\n<jgu-base-teaserbox react-props=\"{\n    &quot;headline&quot;: {\n        &quot;htmlTag&quot;: &quot;h2&quot;,\n        &quot;classTag&quot;: &quot;&quot;,\n        &quot;tag&quot;: &quot;h2&quot;\n    },\n    &quot;image&quot;: {\n        &quot;id&quot;: 50,\n        &quot;url&quot;: &quot;https:\\\/\\\/cms.zdv.uni-mainz.de\\\/karriere\\\/wp-content\\\/uploads\\\/sites\\\/44\\\/2023\\\/12\\\/AdobeStock_625065050-scaled-1.jpeg&quot;,\n        &quot;credit&quot;: &quot;Nuthawut\\\/stock.adobe.com&quot;,\n        &quot;title&quot;: &quot;Marketing communication, announce promotion or communicate with employees, community or organization speech, loud voice or announcement concept, business people PR public relation shout on megaphone.&quot;,\n        &quot;width&quot;: 2560,\n        &quot;height&quot;: 1707,\n        &quot;srcset&quot;: &quot;https:\\\/\\\/cms.zdv.uni-mainz.de\\\/karriere\\\/wp-content\\\/uploads\\\/sites\\\/44\\\/2023\\\/12\\\/AdobeStock_625065050-scaled-1.jpeg 2560w, https:\\\/\\\/cms.zdv.uni-mainz.de\\\/karriere\\\/wp-content\\\/uploads\\\/sites\\\/44\\\/2023\\\/12\\\/AdobeStock_625065050-scaled-1-300x200.jpeg 300w, https:\\\/\\\/cms.zdv.uni-mainz.de\\\/karriere\\\/wp-content\\\/uploads\\\/sites\\\/44\\\/2023\\\/12\\\/AdobeStock_625065050-scaled-1-1024x683.jpeg 1024w, https:\\\/\\\/cms.zdv.uni-mainz.de\\\/karriere\\\/wp-content\\\/uploads\\\/sites\\\/44\\\/2023\\\/12\\\/AdobeStock_625065050-scaled-1-768x512.jpeg 768w, https:\\\/\\\/cms.zdv.uni-mainz.de\\\/karriere\\\/wp-content\\\/uploads\\\/sites\\\/44\\\/2023\\\/12\\\/AdobeStock_625065050-scaled-1-1536x1024.jpeg 1536w, https:\\\/\\\/cms.zdv.uni-mainz.de\\\/karriere\\\/wp-content\\\/uploads\\\/sites\\\/44\\\/2023\\\/12\\\/AdobeStock_625065050-scaled-1-2048x1366.jpeg 2048w&quot;\n    },\n    &quot;color&quot;: &quot;red&quot;,\n    &quot;title&quot;: &quot;&lt;strong&gt;Working environment&lt;\\\/strong&gt;&quot;,\n    &quot;excerpt&quot;: &quot;In addition to the&lt;strong&gt; &lt;\\\/strong&gt;exciting and inspiring collaboration in a diverse team, JGU promotes the individuality of its employees in an appreciative environment&quot;,\n    &quot;linkTitle&quot;: &quot;learn more&quot;,\n    &quot;template&quot;: &quot;red_h4&quot;,\n    &quot;align&quot;: &quot;wide&quot;,\n    &quot;icon&quot;: &quot;&quot;,\n    &quot;iconColor&quot;: &quot;default&quot;,\n    &quot;isCalendar&quot;: false,\n    &quot;iconBoxed&quot;: false,\n    &quot;useLinkList&quot;: false,\n    &quot;linkList&quot;: {},\n    &quot;hideThumbnail&quot;: false,\n    &quot;type&quot;: &quot;boxed&quot;,\n    &quot;index&quot;: &quot;&quot;,\n    &quot;linkStyle&quot;: &quot;default&quot;,\n    &quot;overboxImage&quot;: false,\n    &quot;differingHeadlineColor&quot;: false,\n    &quot;headlineColor&quot;: &quot;&quot;,\n    &quot;textPositionBottom&quot;: false,\n    &quot;video&quot;: {\n        &quot;provider&quot;: &quot;youtube&quot;,\n        &quot;id&quot;: &quot;&quot;,\n        &quot;poster&quot;: &quot;&quot;\n    },\n    &quot;audioUrl&quot;: &quot;&quot;,\n    &quot;unbound&quot;: false\n}\">\n    \n<jgu-base-listitem react-props=\"{\n    &quot;uuid&quot;: &quot;1699461745933&quot;,\n    &quot;align&quot;: &quot;wide&quot;,\n    &quot;showInActions&quot;: false,\n    &quot;allowNesting&quot;: true,\n    &quot;icon&quot;: &quot;&quot;,\n    &quot;title&quot;: &quot;&quot;,\n    &quot;showExpandableContent&quot;: false,\n    &quot;expandableContent&quot;: &quot;&quot;,\n    &quot;link&quot;: {\n        &quot;url&quot;: &quot;&quot;\n    }\n}\">\n    \n<\/jgu-base-listitem>\n\n<\/jgu-base-teaserbox>\n\n<\/jgu-base-slider>\n<\/div><\/div>\n<\/jgu-base-section>\n\n<div\n\tclass=\"jgu-anchorpoint\"\n\tid=\"onboarding\"\n\tdata-label=\"Onboarding\"\n\tdata-hide-in-nav=\"false\"\n\ttabindex=\"0\"\n\tdata-initial-scroll=\"true\"\n><\/div>\n\n\n<jgu-base-section react-props=\"{&quot;color&quot;:&quot;white&quot;,&quot;align&quot;:&quot;wide&quot;,&quot;padding&quot;:&quot;medium&quot;}\">\n<div class=\"jgu-bgsection bg bg-white \"><div class=\"content padding-medium\"><jgu-base-teaserbox react-props=\"{\n    &quot;headline&quot;: {\n        &quot;htmlTag&quot;: &quot;h2&quot;,\n        &quot;classTag&quot;: &quot;&quot;,\n        &quot;tag&quot;: &quot;h2&quot;\n    },\n    &quot;image&quot;: {\n        &quot;id&quot;: 182,\n        &quot;url&quot;: &quot;https:\\\/\\\/cms.zdv.uni-mainz.de\\\/karriere\\\/wp-content\\\/uploads\\\/sites\\\/44\\\/2023\\\/12\\\/Bild11.png&quot;,\n        &quot;credit&quot;: &quot;JGU&quot;,\n        &quot;title&quot;: &quot;Onboarding&quot;,\n        &quot;width&quot;: 3888,\n        &quot;height&quot;: 2475,\n        &quot;srcset&quot;: &quot;https:\\\/\\\/cms.zdv.uni-mainz.de\\\/karriere\\\/wp-content\\\/uploads\\\/sites\\\/44\\\/2023\\\/12\\\/Bild11.png 3888w, https:\\\/\\\/cms.zdv.uni-mainz.de\\\/karriere\\\/wp-content\\\/uploads\\\/sites\\\/44\\\/2023\\\/12\\\/Bild11-300x191.png 300w, https:\\\/\\\/cms.zdv.uni-mainz.de\\\/karriere\\\/wp-content\\\/uploads\\\/sites\\\/44\\\/2023\\\/12\\\/Bild11-1024x652.png 1024w, https:\\\/\\\/cms.zdv.uni-mainz.de\\\/karriere\\\/wp-content\\\/uploads\\\/sites\\\/44\\\/2023\\\/12\\\/Bild11-768x489.png 768w, https:\\\/\\\/cms.zdv.uni-mainz.de\\\/karriere\\\/wp-content\\\/uploads\\\/sites\\\/44\\\/2023\\\/12\\\/Bild11-1536x978.png 1536w, https:\\\/\\\/cms.zdv.uni-mainz.de\\\/karriere\\\/wp-content\\\/uploads\\\/sites\\\/44\\\/2023\\\/12\\\/Bild11-2048x1304.png 2048w&quot;\n    },\n    &quot;color&quot;: &quot;blue&quot;,\n    &quot;index&quot;: &quot;Onboarding&quot;,\n    &quot;title&quot;: &quot;Orientation for new employees&quot;,\n    &quot;excerpt&quot;: &quot;We have compiled helpful information and tips for new employees at JGU. &quot;,\n    &quot;linkTitle&quot;: &quot;learn more&quot;,\n    &quot;link&quot;: {\n        &quot;url&quot;: &quot;https:\\\/\\\/neuemitarbeitende.uni-mainz.de\\\/&quot;,\n        &quot;id&quot;: &quot;https:\\\/\\\/neuemitarbeitende.uni-mainz.de\\\/&quot;,\n        &quot;title&quot;: &quot;https:\\\/\\\/neuemitarbeitende.uni-mainz.de\\\/&quot;,\n        &quot;type&quot;: &quot;link&quot;,\n        &quot;opensInNewTab&quot;: true\n    },\n    &quot;align&quot;: &quot;wide&quot;,\n    &quot;icon&quot;: &quot;&quot;,\n    &quot;iconColor&quot;: &quot;default&quot;,\n    &quot;isCalendar&quot;: false,\n    &quot;iconBoxed&quot;: false,\n    &quot;useLinkList&quot;: false,\n    &quot;linkList&quot;: {},\n    &quot;hideThumbnail&quot;: false,\n    &quot;type&quot;: &quot;boxed&quot;,\n    &quot;linkStyle&quot;: &quot;default&quot;,\n    &quot;overboxImage&quot;: false,\n    &quot;differingHeadlineColor&quot;: false,\n    &quot;headlineColor&quot;: &quot;&quot;,\n    &quot;textPositionBottom&quot;: false,\n    &quot;template&quot;: &quot;&quot;,\n    &quot;video&quot;: {\n        &quot;provider&quot;: &quot;youtube&quot;,\n        &quot;id&quot;: &quot;&quot;,\n        &quot;poster&quot;: &quot;&quot;\n    },\n    &quot;audioUrl&quot;: &quot;&quot;,\n    &quot;unbound&quot;: false\n}\">\n    \n<\/jgu-base-teaserbox><\/div><\/div>\n<\/jgu-base-section>\n\n\n<div style=\"height:60px\" aria-hidden=\"true\" class=\"wp-block-spacer\"><\/div>\n\n\n<div\n\tclass=\"jgu-anchorpoint\"\n\tid=\"faq-contact\"\n\tdata-label=\"FAQ &amp;amp; Contact\"\n\tdata-hide-in-nav=\"false\"\n\ttabindex=\"0\"\n\tdata-initial-scroll=\"true\"\n><\/div>\n\n\n<jgu-base-section react-props=\"{&quot;color&quot;:&quot;white&quot;,&quot;align&quot;:&quot;wide&quot;,&quot;padding&quot;:&quot;medium&quot;}\">\n<div class=\"jgu-bgsection bg bg-white \"><div class=\"content padding-medium\"><jgu-base-heading react-props=\"{\n    &quot;tags&quot;: {\n        &quot;htmlTag&quot;: &quot;h2&quot;,\n        &quot;classTag&quot;: &quot;&quot;,\n        &quot;tag&quot;: &quot;h2&quot;\n    },\n    &quot;heading&quot;: &quot;FAQ about the application&quot;,\n    &quot;textAlign&quot;: &quot;left&quot;,\n    &quot;anchor&quot;: &quot;&quot;,\n    &quot;index&quot;: &quot;&quot;,\n    &quot;color&quot;: &quot;red&quot;\n}\"><\/jgu-base-heading>\n\n\n<jgu-base-accordion react-props=\"{&quot;selected&quot;:4,&quot;align&quot;:&quot;wide&quot;,&quot;hasAllOpenButton&quot;:true,&quot;onlyOne&quot;:false,&quot;initAllClosed&quot;:true,&quot;enableSearch&quot;:false}\">\n    \n<jgu-base-accordionitem react-props=\"{&quot;title&quot;:&quot;How do I apply?&quot;,&quot;init&quot;:false,&quot;slug&quot;:&quot;how-do-i-apply&quot;,&quot;align&quot;:&quot;wide&quot;,&quot;customSlug&quot;:false}\">\n    \n\n<p class=\"has-big-font-size\">Thank you for submitting your application via our <a href=\"https:\/\/stellenboerse.uni-mainz.de\/HPv3.Jobs\/jgu\/Joboffers\/Language?language=en-US\" data-type=\"link\" data-id=\"https:\/\/stellenboerse.uni-mainz.de\/HPv3.Jobs\/jgu\/Joboffers\/Language?language=en-US\">application management system<\/a>.<\/p>\n\n\n\n<p class=\"has-big-font-size\">In exceptional cases, it is possible to send your application documents by e-mail summarized in a PDF document.<\/p>\n\n\n\n<p class=\"has-big-font-size\">Please send your detailed application (with the usual documents such as CV, diplomas etc.) by the application deadline.<\/p>\n\n\n<\/jgu-base-accordionitem>\n\n<jgu-base-accordionitem react-props=\"{&quot;title&quot;:&quot;Who can I address my questions regarding a job advertisement to?&quot;,&quot;init&quot;:false,&quot;slug&quot;:&quot;who-can-i-address-my-questions-regarding-a-job-advertisement-to&quot;,&quot;align&quot;:&quot;wide&quot;,&quot;customSlug&quot;:false}\">\n    \n\n<p class=\"has-big-font-size\">If you have any questions, please do not hesitate to contact our <a href=\"#Kontakt-Recruiting\" data-type=\"internal\" data-id=\"#Kontakt-Recruiting\">recruitment team:<\/a><\/p>\n\n\n<\/jgu-base-accordionitem>\n\n<jgu-base-accordionitem react-props=\"{&quot;title&quot;:&quot;When can I expect a re-registration regarding my application?&quot;,&quot;init&quot;:false,&quot;slug&quot;:&quot;when-can-i-expect-a-re-registration-regarding-my-application&quot;,&quot;align&quot;:&quot;wide&quot;,&quot;customSlug&quot;:false}\">\n    \n\n<p class=\"has-big-font-size\">You will receive confirmation of receipt of your application.  <\/p>\n\n\n\n<p class=\"has-big-font-size\">As many people are usually involved in the pre-selection and interview process, the procedure may take some time.  <\/p>\n\n\n\n<p class=\"has-big-font-size\">You are welcome to call the tendering department to find out about the status of the procedure.<\/p>\n\n\n<\/jgu-base-accordionitem>\n\n<jgu-base-accordionitem react-props=\"{&quot;title&quot;:&quot;Are travel expenses paid for attending job interviews?&quot;,&quot;init&quot;:false,&quot;slug&quot;:&quot;are-travel-expenses-paid-for-attending-job-interviews&quot;,&quot;align&quot;:&quot;wide&quot;,&quot;customSlug&quot;:false}\">\n    \n\n<p class=\"has-big-font-size\">No, unfortunately it is not possible for the Johannes Gutenberg University Mainz to reimburse travel expenses<\/p>\n\n\n<\/jgu-base-accordionitem>\n\n<jgu-base-accordionitem react-props=\"{&quot;title&quot;:&quot;Instructions on data protection&quot;,&quot;init&quot;:false,&quot;slug&quot;:&quot;instructions-on-data-protection&quot;,&quot;align&quot;:&quot;wide&quot;,&quot;customSlug&quot;:false}\">\n    \n\n<p class=\"has-big-font-size\">The protection of your personal data is an important concern for us throughout the entire application process, which is why we are committed to providing you with a confidential application process.  <\/p>\n\n\n<jgu-base-modal react-props=\"{&quot;text&quot;:&quot;Datenschutzerkl\\u00e4rung zum Bewerbungsverfahren &quot;,&quot;buttonStyling&quot;:&quot;primary&quot;,&quot;children&quot;:&quot;\\n&lt;jgu-base-heading react-props=\\&quot;{\\n    &amp;quot;color&amp;quot;: &amp;quot;default&amp;quot;,\\n    &amp;quot;tags&amp;quot;: {\\n        &amp;quot;htmlTag&amp;quot;: &amp;quot;h2&amp;quot;,\\n        &amp;quot;classTag&amp;quot;: &amp;quot;&amp;quot;,\\n        &amp;quot;tag&amp;quot;: &amp;quot;h2&amp;quot;\\n    },\\n    &amp;quot;heading&amp;quot;: &amp;quot;Informationen zum Datenschutz beim Bewerbungsverfahren der Johannes Gutenberg-Universit\\\\u00e4t Mainz (JGU)&amp;lt;br&amp;gt;&amp;quot;,\\n    &amp;quot;textAlign&amp;quot;: &amp;quot;left&amp;quot;,\\n    &amp;quot;anchor&amp;quot;: &amp;quot;&amp;quot;,\\n    &amp;quot;index&amp;quot;: &amp;quot;&amp;quot;\\n}\\&quot;&gt;&lt;\\\/jgu-base-heading&gt;\\n\\n\\n\\n&lt;p class=\\&quot;has-big-font-size\\&quot;&gt;Der Schutz Ihrer pers\\u00f6nlichen Daten ist f\\u00fcr uns w\\u00e4hrend des gesamten Bewerbungsprozesses ein wichtiges Anliegen, weshalb wir uns dazu verpflichtet haben, Ihnen ein vertrauensvolles Bewerbungsverfahren zu erm\\u00f6glichen.&lt;br&gt;Im Folgenden informieren wir Sie \\u00fcber Art, Umfang und Zwecke der Erhebung und Verwendung Ihrer personenbezogenen Daten nach Ma\\u00dfgabe der Vorschriften der VO (EU) 2016\\\/679 (Datenschutz- Grundverordnung (DS-GVO)):&lt;\\\/p&gt;\\n\\n\\n\\n&lt;p class=\\&quot;has-big-font-size\\&quot;&gt;&lt;\\\/p&gt;\\n\\n\\n\\n&lt;p class=\\&quot;has-big-font-size\\&quot;&gt;&lt;strong&gt;Kontaktdaten des Verantwortlichen&lt;\\\/strong&gt;&lt;\\\/p&gt;\\n\\n\\n\\n&lt;p class=\\&quot;has-medium-font-size\\&quot;&gt;Johannes Gutenberg-Universit\\u00e4t Mainz (JGU)&lt;br&gt;Vertreten durch den Pr\\u00e4sidenten&lt;br&gt;Univ.-Prof. Dr. Georg Krausch&lt;br&gt;Saarstr. 21&lt;br&gt;55122 Mainz&lt;br&gt;Tel.: +49 6131 39-22301&lt;br&gt;Fax: +49 6131 39-26611&lt;br&gt;&lt;a href=\\&quot;mailto:praesident@uni-mainz.de\\&quot;&gt;praesident@uni-mainz.de&lt;\\\/a&gt;&lt;\\\/p&gt;\\n\\n\\n\\n&lt;p class=\\&quot;has-big-font-size\\&quot;&gt;&lt;strong&gt;Kontaktdaten des Datenschutzbeauftragten&lt;\\\/strong&gt;&lt;\\\/p&gt;\\n\\n\\n\\n&lt;p class=\\&quot;has-medium-font-size\\&quot;&gt;Datenschutzbeauftragter der JGU&lt;br&gt;Tel.: +49 6131 39-20065&lt;br&gt;Fax: +49 6131 39-52202&lt;br&gt;E-Mail: &lt;a href=\\&quot;mailto:datenschutz@uni-mainz.de\\&quot;&gt;datenschutz@uni-mainz.de&lt;\\\/a&gt;&lt;br&gt;&lt;a href=\\&quot;https:\\\/\\\/www.verwaltung.uni-mainz.de\\\/#beauftragter-fur-den-datenschutz\\&quot;&gt;https:\\\/\\\/www.verwaltung.uni-mainz.de\\\/#beauftragter-fur-den-datenschutz&lt;\\\/a&gt;&lt;\\\/p&gt;\\n\\n\\n\\n&lt;p class=\\&quot;has-big-font-size\\&quot;&gt;&lt;\\\/p&gt;\\n\\n\\n\\n&lt;p class=\\&quot;has-big-font-size\\&quot;&gt;&lt;strong&gt;Zweck und Rechtsgrundlagen der Verarbeitung&lt;\\\/strong&gt;&lt;\\\/p&gt;\\n\\n\\n\\n&lt;p class=\\&quot;has-medium-font-size\\&quot;&gt;Entscheiden Sie sich f\\u00fcr eine Bewerbung an der JGU, nutzen wir Ihre im Rahmen der Bewerbung \\u00fcbermittelten Daten zun\\u00e4chst dazu, mit Ihnen in Kontakt zu treten. Dar\\u00fcber hinaus beurteilen wir anhand Ihrer Daten, ob Sie die Eignung, fachliche Leistung und Bef\\u00e4higung f\\u00fcr die Stelle, auf welche Sie sich bewerben, besitzen. Die von Ihnen \\u00fcbermittelten Daten werden ausschlie\\u00dflich f\\u00fcr Zwecke der Bearbeitung Ihrer Bewerbung verarbeitet und genutzt gem\\u00e4\\u00df Art. 88 Abs. 1 DS-GVO i.V.m. \\u00a7\\u00a7 87 S. 2 LBG i.V.m. 20 Abs. 1, 3 Landesdatenschutzgesetz (LDSG). Im Falle einer erfolgreichen Bewerbung k\\u00f6nnen die im Bewerbungsprozess zur Verf\\u00fcgung gestellten Daten f\\u00fcr Besch\\u00e4ftigungszwecke weiterverarbeitet und genutzt werden.&lt;\\\/p&gt;\\n\\n\\n\\n&lt;p class=\\&quot;has-big-font-size\\&quot;&gt;&lt;\\\/p&gt;\\n\\n\\n\\n&lt;p class=\\&quot;has-big-font-size\\&quot;&gt;&lt;strong&gt;Empf\\u00e4nger der personenbezogenen Daten&lt;\\\/strong&gt;&lt;\\\/p&gt;\\n\\n\\n\\n&lt;p class=\\&quot;has-medium-font-size\\&quot;&gt;Empf\\u00e4nger Ihrer im Rahmen der Bewerbung \\u00fcbermittelten personenbezogenen Daten sind die jeweils zust\\u00e4ndigen Personalverantwortlichen der JGU, die im Einzelfall zu beteiligenden Personalvertretungen (z.B. Personalrat, Jugend- und Auszubildendenvertretung, Schwerbehindertenvertretung, Gleichstellungsbeauftragte) sowie ggf. Mitglieder von Auswahl oder Berufungskommissionen. &lt;br&gt;Ihre Daten werden zweckgebunden im Rahmen der Bewerbungsverarbeitung nach den datenschutzrechtlichen Vorschriften verwendet. Sie werden nicht an sonstige Dritte \\u00fcbermittelt, es sei denn, dass Sie zuvor ausdr\\u00fccklich Ihre Einwilligung zu der \\u00dcbermittlung erteilt haben oder eine gesetzliche Pflicht zur \\u00dcbermittlung besteht.&lt;\\\/p&gt;\\n\\n\\n\\n&lt;p class=\\&quot;has-big-font-size\\&quot;&gt;&lt;\\\/p&gt;\\n\\n\\n\\n&lt;p class=\\&quot;has-medium-font-size\\&quot;&gt;&lt;strong&gt;Datenspeicherung, Datennutzung und Datenl\\u00f6schung&lt;\\\/strong&gt;&lt;\\\/p&gt;\\n\\n\\n\\n&lt;p class=\\&quot;has-medium-font-size\\&quot;&gt;Sofern die Bewerbung auf ein Stellenangebot nicht erfolgreich ist, speichern wir die \\u00fcbermittelten Daten und Dateien f\\u00fcr sechs Monate, um sp\\u00e4tere Fragen zu der Bewerbung beantworten zu k\\u00f6nnen. Nach Ablauf dieses Zeitraums werden die Daten gel\\u00f6scht. Sie haben jederzeit die M\\u00f6glichkeit Ihre Bewerbung zur\\u00fcckzuziehen. Dies f\\u00fchrt dazu, dass Ihre Daten in der Bewerberbank, mit den nachgenannten Beschr\\u00e4nkungen, umgehend gel\\u00f6scht werden.&lt;\\\/p&gt;\\n\\n\\n\\n&lt;p class=\\&quot;has-medium-font-size\\&quot;&gt;&lt;br&gt;Ferner k\\u00f6nnen Sie im Rahmen der Bewerbung jederzeit verlangen, dass einzelne von Ihnen \\u00fcbermittelte Daten gel\\u00f6scht werden. Die JGU beh\\u00e4lt sich jedoch vor, Ihre Daten f\\u00fcr einen begrenzten Zeitraum von sechs Monaten zu speichern, um gesetzlichen Bestimmungen, insbesondere Nachweispflichten aus dem Allgemeinen Gleichbehandlungsgesetz (AGG), nachkommen zu k\\u00f6nnen.&lt;\\\/p&gt;\\n\\n\\n\\n&lt;p class=\\&quot;has-big-font-size\\&quot;&gt;&lt;\\\/p&gt;\\n\\n\\n\\n&lt;p class=\\&quot;has-big-font-size\\&quot;&gt;&lt;strong&gt;Sicherheit&lt;\\\/strong&gt;&lt;\\\/p&gt;\\n\\n\\n\\n&lt;p class=\\&quot;has-medium-font-size\\&quot;&gt;Die JGU stellt durch technische und organisatorische Sicherheitsma\\u00dfnahmen (Art. 32 DS-GVO \\\/ \\u00a7 20 LDSG) entsprechend dem aktuellen Stand der Technik sicher, dass Ihre personenbezogenen Daten vor unzul\\u00e4ssigen Dateneingriffen wie beispielsweise Datenverlust, Zerst\\u00f6rung, vors\\u00e4tzlichen Manipulationshandlungen oder Zugriff von unberechtigten Dritten gesch\\u00fctzt werden.&lt;\\\/p&gt;\\n\\n\\n\\n&lt;p class=\\&quot;has-big-font-size\\&quot;&gt;&lt;\\\/p&gt;\\n\\n\\n\\n&lt;p class=\\&quot;has-big-font-size\\&quot;&gt;&lt;strong&gt;Betroffenenrechte&lt;\\\/strong&gt;&lt;\\\/p&gt;\\n\\n\\n\\n&lt;p class=\\&quot;has-medium-font-size\\&quot;&gt;Die DSGVO sieht verschiedene Rechte f\\u00fcr \\u201ebetroffene Personen\\u201c vor. Danach stehen ihnen hinsichtlich der sie betreffenden personenbezogenen Daten folgende Rechte zu:&lt;\\\/p&gt;\\n\\n\\n\\n&lt;ul class=\\&quot;wp-block-list has-big-font-size\\&quot;&gt;\\n&lt;li&gt;Recht auf Auskunft (Art. 15 Abs. 1, 2 DS-GVO)&lt;\\\/li&gt;\\n\\n\\n\\n&lt;li&gt;Recht auf Berichtigung (Art. 16 DS-GVO) bzw. auf L\\u00f6schung (Art. 17 DS-GVO)&lt;\\\/li&gt;\\n\\n\\n\\n&lt;li&gt;Recht auf Einschr\\u00e4nkung der Verarbeitung (Art. 18 DS-GVO)&lt;\\\/li&gt;\\n\\n\\n\\n&lt;li&gt;Recht auf Daten\\u00fcbertragbarkeit (Art. 20 DS-GVO)&lt;\\\/li&gt;\\n\\n\\n\\n&lt;li&gt;Recht auf Widerspruch gegen die Verarbeitung (Art. 21 DS-GVO)&lt;br&gt;Bitte beachten Sie: gegen die Datenerhebung und -verarbeitung im Bewerbungskontext&lt;br&gt;obligatorisch erforderlicher Daten (vgl. Nr. 5) besteht keine Widerspruchsm\\u00f6glichkeit.&lt;\\\/li&gt;\\n\\n\\n\\n&lt;li&gt;Beschwerderecht bei einer Aufsichtsbeh\\u00f6rde (Art. 77 DS-GVO)&lt;br&gt;&lt;\\\/li&gt;\\n&lt;\\\/ul&gt;\\n\\n\\n\\n&lt;p class=\\&quot;has-medium-font-size\\&quot;&gt;F\\u00fcr die JGU ist folgende &lt;strong&gt;Datenschutzaufsichtsbeh\\u00f6rde &lt;\\\/strong&gt;zust\\u00e4ndig:&lt;br&gt;Der Landesbeauftragte f\\u00fcr den Datenschutz und die Informationsfreiheit Rheinland-Pfalz (LfDI)&lt;br&gt;Hintere Bleiche 34&lt;br&gt;55116 Mainz&lt;br&gt;Tel.: +49 6131 208-2449&lt;br&gt;Fax: +49 6131 208-2497&lt;br&gt;&lt;a href=\\&quot;mailto:poststelle@datenschutz.rlp.de\\&quot;&gt;poststelle@datenschutz.rlp.de&lt;\\\/a&gt; &lt;br&gt;&lt;a rel=\\&quot;noreferrer noopener\\&quot; href=\\&quot;http:\\\/\\\/www.datenschutz.rlp.de\\&quot; data-type=\\&quot;link\\&quot; data-id=\\&quot;www.datenschutz.rlp.de\\&quot; target=\\&quot;_blank\\&quot;&gt;www.datenschutz.rlp.de&lt;\\\/a&gt;&lt;\\\/p&gt;\\n\\n\\n\\n&lt;p class=\\&quot;has-medium-font-size\\&quot;&gt;&lt;br&gt;Bei &lt;strong&gt;Fragen &lt;\\\/strong&gt;wenden Sie sich bitte an:&lt;br&gt;Johannes Gutenberg-Universit\\u00e4t Mainz &lt;br&gt;Dezernat Personal und Rechtsangelegenheiten &lt;br&gt;Referat PA 4: Personalrecruiting&lt;br&gt;Saarstra\\u00dfe 21&lt;br&gt;55122 Mainz&lt;br&gt;E-Mail: &lt;a href=\\&quot;mailto:personalrecruiting@uni-mainz.de\\&quot;&gt;personalrecruiting@uni-mainz.de&lt;\\\/a&gt; &lt;\\\/p&gt;\\n\\n\\n\\n&lt;p class=\\&quot;has-medium-font-size\\&quot;&gt;oder unseren Datenschutzbeauftragten \\u00fcber &lt;a href=\\&quot;mailto:datenschutz@uni-mainz.de\\&quot;&gt;datenschutz@uni-mainz.de&lt;\\\/a&gt;.&lt;\\\/p&gt;\\n\\n\\n\\n&lt;p class=\\&quot;has-big-font-size\\&quot;&gt;&lt;\\\/p&gt;\\n\\n&quot;}\">\n    \n<jgu-base-heading react-props=\"{\n    &quot;color&quot;: &quot;default&quot;,\n    &quot;tags&quot;: {\n        &quot;htmlTag&quot;: &quot;h2&quot;,\n        &quot;classTag&quot;: &quot;&quot;,\n        &quot;tag&quot;: &quot;h2&quot;\n    },\n    &quot;heading&quot;: &quot;Informationen zum Datenschutz beim Bewerbungsverfahren der Johannes Gutenberg-Universit\\u00e4t Mainz (JGU)&lt;br&gt;&quot;,\n    &quot;textAlign&quot;: &quot;left&quot;,\n    &quot;anchor&quot;: &quot;&quot;,\n    &quot;index&quot;: &quot;&quot;\n}\"><\/jgu-base-heading>\n\n\n\n<p class=\"has-big-font-size\">Der Schutz Ihrer pers\u00f6nlichen Daten ist f\u00fcr uns w\u00e4hrend des gesamten Bewerbungsprozesses ein wichtiges Anliegen, weshalb wir uns dazu verpflichtet haben, Ihnen ein vertrauensvolles Bewerbungsverfahren zu erm\u00f6glichen.<br>Im Folgenden informieren wir Sie \u00fcber Art, Umfang und Zwecke der Erhebung und Verwendung Ihrer personenbezogenen Daten nach Ma\u00dfgabe der Vorschriften der VO (EU) 2016\/679 (Datenschutz- Grundverordnung (DS-GVO)):<\/p>\n\n\n\n<p class=\"has-big-font-size\"><\/p>\n\n\n\n<p class=\"has-big-font-size\"><strong>Kontaktdaten des Verantwortlichen<\/strong><\/p>\n\n\n\n<p class=\"has-medium-font-size\">Johannes Gutenberg-Universit\u00e4t Mainz (JGU)<br>Vertreten durch den Pr\u00e4sidenten<br>Univ.-Prof. Dr. Georg Krausch<br>Saarstr. 21<br>55122 Mainz<br>Tel.: +49 6131 39-22301<br>Fax: +49 6131 39-26611<br><a href=\"mailto:praesident@uni-mainz.de\">praesident@uni-mainz.de<\/a><\/p>\n\n\n\n<p class=\"has-big-font-size\"><strong>Kontaktdaten des Datenschutzbeauftragten<\/strong><\/p>\n\n\n\n<p class=\"has-medium-font-size\">Datenschutzbeauftragter der JGU<br>Tel.: +49 6131 39-20065<br>Fax: +49 6131 39-52202<br>E-Mail: <a href=\"mailto:datenschutz@uni-mainz.de\">datenschutz@uni-mainz.de<\/a><br><a href=\"https:\/\/www.verwaltung.uni-mainz.de\/#beauftragter-fur-den-datenschutz\">https:\/\/www.verwaltung.uni-mainz.de\/#beauftragter-fur-den-datenschutz<\/a><\/p>\n\n\n\n<p class=\"has-big-font-size\"><\/p>\n\n\n\n<p class=\"has-big-font-size\"><strong>Zweck und Rechtsgrundlagen der Verarbeitung<\/strong><\/p>\n\n\n\n<p class=\"has-medium-font-size\">Entscheiden Sie sich f\u00fcr eine Bewerbung an der JGU, nutzen wir Ihre im Rahmen der Bewerbung \u00fcbermittelten Daten zun\u00e4chst dazu, mit Ihnen in Kontakt zu treten. Dar\u00fcber hinaus beurteilen wir anhand Ihrer Daten, ob Sie die Eignung, fachliche Leistung und Bef\u00e4higung f\u00fcr die Stelle, auf welche Sie sich bewerben, besitzen. Die von Ihnen \u00fcbermittelten Daten werden ausschlie\u00dflich f\u00fcr Zwecke der Bearbeitung Ihrer Bewerbung verarbeitet und genutzt gem\u00e4\u00df Art. 88 Abs. 1 DS-GVO i.V.m. \u00a7\u00a7 87 S. 2 LBG i.V.m. 20 Abs. 1, 3 Landesdatenschutzgesetz (LDSG). Im Falle einer erfolgreichen Bewerbung k\u00f6nnen die im Bewerbungsprozess zur Verf\u00fcgung gestellten Daten f\u00fcr Besch\u00e4ftigungszwecke weiterverarbeitet und genutzt werden.<\/p>\n\n\n\n<p class=\"has-big-font-size\"><\/p>\n\n\n\n<p class=\"has-big-font-size\"><strong>Empf\u00e4nger der personenbezogenen Daten<\/strong><\/p>\n\n\n\n<p class=\"has-medium-font-size\">Empf\u00e4nger Ihrer im Rahmen der Bewerbung \u00fcbermittelten personenbezogenen Daten sind die jeweils zust\u00e4ndigen Personalverantwortlichen der JGU, die im Einzelfall zu beteiligenden Personalvertretungen (z.B. Personalrat, Jugend- und Auszubildendenvertretung, Schwerbehindertenvertretung, Gleichstellungsbeauftragte) sowie ggf. Mitglieder von Auswahl oder Berufungskommissionen. <br>Ihre Daten werden zweckgebunden im Rahmen der Bewerbungsverarbeitung nach den datenschutzrechtlichen Vorschriften verwendet. Sie werden nicht an sonstige Dritte \u00fcbermittelt, es sei denn, dass Sie zuvor ausdr\u00fccklich Ihre Einwilligung zu der \u00dcbermittlung erteilt haben oder eine gesetzliche Pflicht zur \u00dcbermittlung besteht.<\/p>\n\n\n\n<p class=\"has-big-font-size\"><\/p>\n\n\n\n<p class=\"has-medium-font-size\"><strong>Datenspeicherung, Datennutzung und Datenl\u00f6schung<\/strong><\/p>\n\n\n\n<p class=\"has-medium-font-size\">Sofern die Bewerbung auf ein Stellenangebot nicht erfolgreich ist, speichern wir die \u00fcbermittelten Daten und Dateien f\u00fcr sechs Monate, um sp\u00e4tere Fragen zu der Bewerbung beantworten zu k\u00f6nnen. Nach Ablauf dieses Zeitraums werden die Daten gel\u00f6scht. Sie haben jederzeit die M\u00f6glichkeit Ihre Bewerbung zur\u00fcckzuziehen. Dies f\u00fchrt dazu, dass Ihre Daten in der Bewerberbank, mit den nachgenannten Beschr\u00e4nkungen, umgehend gel\u00f6scht werden.<\/p>\n\n\n\n<p class=\"has-medium-font-size\"><br>Ferner k\u00f6nnen Sie im Rahmen der Bewerbung jederzeit verlangen, dass einzelne von Ihnen \u00fcbermittelte Daten gel\u00f6scht werden. Die JGU beh\u00e4lt sich jedoch vor, Ihre Daten f\u00fcr einen begrenzten Zeitraum von sechs Monaten zu speichern, um gesetzlichen Bestimmungen, insbesondere Nachweispflichten aus dem Allgemeinen Gleichbehandlungsgesetz (AGG), nachkommen zu k\u00f6nnen.<\/p>\n\n\n\n<p class=\"has-big-font-size\"><\/p>\n\n\n\n<p class=\"has-big-font-size\"><strong>Sicherheit<\/strong><\/p>\n\n\n\n<p class=\"has-medium-font-size\">Die JGU stellt durch technische und organisatorische Sicherheitsma\u00dfnahmen (Art. 32 DS-GVO \/ \u00a7 20 LDSG) entsprechend dem aktuellen Stand der Technik sicher, dass Ihre personenbezogenen Daten vor unzul\u00e4ssigen Dateneingriffen wie beispielsweise Datenverlust, Zerst\u00f6rung, vors\u00e4tzlichen Manipulationshandlungen oder Zugriff von unberechtigten Dritten gesch\u00fctzt werden.<\/p>\n\n\n\n<p class=\"has-big-font-size\"><\/p>\n\n\n\n<p class=\"has-big-font-size\"><strong>Betroffenenrechte<\/strong><\/p>\n\n\n\n<p class=\"has-medium-font-size\">Die DSGVO sieht verschiedene Rechte f\u00fcr \u201ebetroffene Personen\u201c vor. Danach stehen ihnen hinsichtlich der sie betreffenden personenbezogenen Daten folgende Rechte zu:<\/p>\n\n\n\n<ul class=\"wp-block-list has-big-font-size\">\n<li>Recht auf Auskunft (Art. 15 Abs. 1, 2 DS-GVO)<\/li>\n\n\n\n<li>Recht auf Berichtigung (Art. 16 DS-GVO) bzw. auf L\u00f6schung (Art. 17 DS-GVO)<\/li>\n\n\n\n<li>Recht auf Einschr\u00e4nkung der Verarbeitung (Art. 18 DS-GVO)<\/li>\n\n\n\n<li>Recht auf Daten\u00fcbertragbarkeit (Art. 20 DS-GVO)<\/li>\n\n\n\n<li>Recht auf Widerspruch gegen die Verarbeitung (Art. 21 DS-GVO)<br>Bitte beachten Sie: gegen die Datenerhebung und -verarbeitung im Bewerbungskontext<br>obligatorisch erforderlicher Daten (vgl. Nr. 5) besteht keine Widerspruchsm\u00f6glichkeit.<\/li>\n\n\n\n<li>Beschwerderecht bei einer Aufsichtsbeh\u00f6rde (Art. 77 DS-GVO)<br><\/li>\n<\/ul>\n\n\n\n<p class=\"has-medium-font-size\">F\u00fcr die JGU ist folgende <strong>Datenschutzaufsichtsbeh\u00f6rde <\/strong>zust\u00e4ndig:<br>Der Landesbeauftragte f\u00fcr den Datenschutz und die Informationsfreiheit Rheinland-Pfalz (LfDI)<br>Hintere Bleiche 34<br>55116 Mainz<br>Tel.: +49 6131 208-2449<br>Fax: +49 6131 208-2497<br><a href=\"mailto:poststelle@datenschutz.rlp.de\">poststelle@datenschutz.rlp.de<\/a> <br><a rel=\"noreferrer noopener\" href=\"http:\/\/www.datenschutz.rlp.de\" data-type=\"link\" data-id=\"www.datenschutz.rlp.de\" target=\"_blank\">www.datenschutz.rlp.de<\/a><\/p>\n\n\n\n<p class=\"has-medium-font-size\"><br>Bei <strong>Fragen <\/strong>wenden Sie sich bitte an:<br>Johannes Gutenberg-Universit\u00e4t Mainz <br>Dezernat Personal und Rechtsangelegenheiten <br>Referat PA 4: Personalrecruiting<br>Saarstra\u00dfe 21<br>55122 Mainz<br>E-Mail: <a href=\"mailto:personalrecruiting@uni-mainz.de\">personalrecruiting@uni-mainz.de<\/a> <\/p>\n\n\n\n<p class=\"has-medium-font-size\">oder unseren Datenschutzbeauftragten \u00fcber <a href=\"mailto:datenschutz@uni-mainz.de\">datenschutz@uni-mainz.de<\/a>.<\/p>\n\n\n\n<p class=\"has-big-font-size\"><\/p>\n\n\n<\/jgu-base-modal>\n\n<jgu-base-modal react-props=\"{&quot;text&quot;:&quot;Privacy policy&quot;,&quot;buttonStyling&quot;:&quot;primary&quot;,&quot;children&quot;:&quot;\\n&lt;jgu-base-heading react-props=\\&quot;{\\n    &amp;quot;color&amp;quot;: &amp;quot;default&amp;quot;,\\n    &amp;quot;tags&amp;quot;: {\\n        &amp;quot;htmlTag&amp;quot;: &amp;quot;h2&amp;quot;,\\n        &amp;quot;classTag&amp;quot;: &amp;quot;&amp;quot;,\\n        &amp;quot;tag&amp;quot;: &amp;quot;h2&amp;quot;\\n    },\\n    &amp;quot;heading&amp;quot;: &amp;quot;Information regarding Data Protection during the Application Process at&amp;lt;br&amp;gt;Johannes Gutenberg University Mainz (JGU)&amp;lt;br&amp;gt;&amp;quot;,\\n    &amp;quot;textAlign&amp;quot;: &amp;quot;left&amp;quot;,\\n    &amp;quot;anchor&amp;quot;: &amp;quot;&amp;quot;,\\n    &amp;quot;index&amp;quot;: &amp;quot;&amp;quot;\\n}\\&quot;&gt;&lt;\\\/jgu-base-heading&gt;\\n\\n\\n\\n&lt;p class=\\&quot;has-big-font-size\\&quot;&gt;The protection of your personal data is one of our primary concerns during the entire application process, which is why we are committed to providing you with a confidential applicationprocedure.&lt;\\\/p&gt;\\n\\n\\n\\n&lt;p class=\\&quot;has-big-font-size\\&quot;&gt;&lt;br&gt;In the following, we will inform you about the manner, scope, and purpose of the collection and use of your personal data in accordance with the provisions of the Regulation (EU) 2016\\\/679 (General Data Protection Regulation, GDPR):&lt;\\\/p&gt;\\n\\n\\n\\n&lt;p class=\\&quot;has-big-font-size\\&quot;&gt;&lt;\\\/p&gt;\\n\\n\\n\\n&lt;p class=\\&quot;has-big-font-size\\&quot;&gt;&lt;strong&gt;Contact information for the Controller&lt;\\\/strong&gt;&lt;\\\/p&gt;\\n\\n\\n\\n&lt;p class=\\&quot;has-big-font-size\\&quot;&gt;Johannes Gutenberg University Mainz (JGU)&lt;br&gt;Represented by the President&lt;br&gt;Prof. Dr. Georg Krausch&lt;br&gt;Saarstr. 21&lt;br&gt;55122 Mainz&lt;br&gt;Phone: +49 6131 39-22301&lt;br&gt;Fax: +49 6131 39-26611&lt;br&gt;praesident@uni-mainz.de   &lt;\\\/p&gt;\\n\\n\\n\\n&lt;p class=\\&quot;has-big-font-size\\&quot;&gt;&lt;strong&gt;Contact information for the Data Protection Officer&lt;\\\/strong&gt;&lt;\\\/p&gt;\\n\\n\\n\\n&lt;p class=\\&quot;has-big-font-size\\&quot;&gt;Data Protection Officer at JGU&lt;br&gt;Tel.: +49 6131 39-20065&lt;br&gt;Fax: +49 6131 39-52202&lt;br&gt;Email: datenschutz@uni-mainz.de&lt;br&gt;&lt;a href=\\&quot;https:\\\/\\\/www.verwaltung.uni-mainz.de\\\/#beauftragter-fur-den-datenschutz\\&quot;&gt;https:\\\/\\\/www.verwaltung.uni-mainz.de\\\/#beauftragter-fur-den-datenschutz&lt;\\\/a&gt;&lt;\\\/p&gt;\\n\\n\\n\\n&lt;p class=\\&quot;has-big-font-size\\&quot;&gt;&lt;\\\/p&gt;\\n\\n\\n\\n&lt;p class=\\&quot;has-big-font-size\\&quot;&gt;&lt;strong&gt;Purpose and Legal Basis for Processing&lt;\\\/strong&gt;&lt;\\\/p&gt;\\n\\n\\n\\n&lt;p class=\\&quot;has-big-font-size\\&quot;&gt;If you decide to apply at JGU, we will use the information provided in your application to get in contact with you. Additionally, we will use your data to assess whether you have the aptitude, professional experience, and qualifications for the position for which you are applying. The data you provide will be processed and used exclusively for the purposes of processing your application in accordance with Art. 88 GDPR, in connection with subsection 87 S. 2 LBG in connection with 20 para. 1,3 Landesdatenschutzgesetz (LDSG).&lt;br&gt;In the case of a successful application, the data, provided during the application process can be further processed and used for purposes of employment.&lt;\\\/p&gt;\\n\\n\\n\\n&lt;p class=\\&quot;has-big-font-size\\&quot;&gt;&lt;\\\/p&gt;\\n\\n\\n\\n&lt;p class=\\&quot;has-big-font-size\\&quot;&gt;&lt;strong&gt;Recipients of the staff data&lt;\\\/strong&gt;&lt;\\\/p&gt;\\n\\n\\n\\n&lt;p class=\\&quot;has-big-font-size\\&quot;&gt;The responsible HR managers at JGU, the HR representatives involved in individual cases (e.g. Staff Council, Youth and Trainees Council, Representative Body for People with Sever Disabilities, Equality Commissioner), as well as members of selection or appointment committees, if applicable, will receive the personal data, which you provided in your application. Your data will be used specifically for processing the application, in accordance with the data protection regulations. It will not be passed on to other third parties unless you have given your express consent to the transfer in advance, or there is a legal obligation to do so.&lt;\\\/p&gt;\\n\\n\\n\\n&lt;p class=\\&quot;has-big-font-size\\&quot;&gt;&lt;\\\/p&gt;\\n\\n\\n\\n&lt;p class=\\&quot;has-medium-font-size\\&quot;&gt;&lt;strong&gt;Data Storage, Usage and Erasure&lt;\\\/strong&gt;&lt;\\\/p&gt;\\n\\n\\n\\n&lt;p class=\\&quot;has-big-font-size\\&quot;&gt;If the application for a position is not successful, we will store the provided data and files for six months in order to answer follow-up questions about the application. After this period of time is over, the data will be erased. You can withdraw your application at any time. This will result in the immediate erasure of your data in the applicant bank, with the following restrictions. &lt;\\\/p&gt;\\n\\n\\n\\n&lt;p class=\\&quot;has-big-font-size\\&quot;&gt;Furthermore, at any time during the application process, you can request that individual data which you have submitted be erased. However, JGU reserves the right to store your data for a limited period of six months in order to comply with legal requirements, in particular the obligation to provide evidence under the General Act on Equal Treatment (AGG).&lt;\\\/p&gt;\\n\\n\\n\\n&lt;p class=\\&quot;has-big-font-size\\&quot;&gt;&lt;\\\/p&gt;\\n\\n\\n\\n&lt;p class=\\&quot;has-big-font-size\\&quot;&gt;&lt;strong&gt;Security&lt;\\\/strong&gt;&lt;\\\/p&gt;\\n\\n\\n\\n&lt;p class=\\&quot;has-big-font-size\\&quot;&gt;JGU uses state-of-the-art technical and organizational security measures (Art. 32 GDPR\\\/subsection 20 LDSG) to ensure that your personal data is protected from unauthorized data access, such as data loss, destruction, intentional manipulation, or access by unauthorized third parties.&lt;\\\/p&gt;\\n\\n\\n\\n&lt;p class=\\&quot;has-big-font-size\\&quot;&gt;&lt;\\\/p&gt;\\n\\n\\n\\n&lt;p class=\\&quot;has-big-font-size\\&quot;&gt;&lt;strong&gt;Rights&lt;\\\/strong&gt;&lt;\\\/p&gt;\\n\\n\\n\\n&lt;p class=\\&quot;has-big-font-size\\&quot;&gt;The GDPR provides for various rights for \\&quot;affected persons\\&quot;. Accordingly, they are entitled to the following rights with regard to their personal data:&lt;\\\/p&gt;\\n\\n\\n\\n&lt;ul class=\\&quot;wp-block-list has-big-font-size\\&quot;&gt;\\n&lt;li&gt;Right of access (Art. 14 para. 1, 2 GDPR)&lt;\\\/li&gt;\\n\\n\\n\\n&lt;li&gt;Right to rectification (Art. 16 GDPR) or to erasure (Art. 17 GDPR)&lt;\\\/li&gt;\\n\\n\\n\\n&lt;li&gt;Right to restriction of processing (Art. 18 GDPR)&lt;\\\/li&gt;\\n\\n\\n\\n&lt;li&gt;Right to data portability (Art. 20 GDPR)&lt;\\\/li&gt;\\n\\n\\n\\n&lt;li&gt;Right to object to processing (Art. 21 GDPR)&lt;br&gt;Please note that there is no possibility of objection to the collection and processing of&lt;br&gt;mandatory data in the application context (see no. 5).&lt;\\\/li&gt;\\n\\n\\n\\n&lt;li&gt;Right to lodge a complaint with a supervisory authority (Art. 77 GDPR)&lt;\\\/li&gt;\\n&lt;\\\/ul&gt;\\n\\n\\n\\n&lt;p class=\\&quot;has-big-font-size\\&quot;&gt;&lt;\\\/p&gt;\\n\\n\\n\\n&lt;p class=\\&quot;has-big-font-size\\&quot;&gt;The following data protection supervisory authority is responsible for JGU:&lt;br&gt;State Commissioner for Data Protection and Freedom of Information Rhineland-Palatinate (LfDI)&lt;br&gt;Hintere Bleiche 34&lt;br&gt;55116 Mainz&lt;br&gt;Phone: +49 6131 208-2449&lt;br&gt;Fax: +49 6131 208-2497&lt;br&gt;poststelle@datenschutz.rlp.de&lt;br&gt;www.datenschutz.rlp.de&lt;\\\/p&gt;\\n\\n\\n\\n&lt;p class=\\&quot;has-big-font-size\\&quot;&gt;&lt;br&gt;If you have any questions, please contact:&lt;br&gt;Johannes Gutenberg-Universit\\u00e4t Mainz, Dezernat Personal, Referat PA 4: Personalrecruiting,&lt;br&gt;Saarstra\\u00dfe 21, 55122 Mainz, E-Mail: personalrecruiting@uni-mainz.de, or our data protection&lt;br&gt;officer via datenschutz@uni-mainz.de.&lt;\\\/p&gt;\\n\\n&quot;}\">\n    \n<jgu-base-heading react-props=\"{\n    &quot;color&quot;: &quot;default&quot;,\n    &quot;tags&quot;: {\n        &quot;htmlTag&quot;: &quot;h2&quot;,\n        &quot;classTag&quot;: &quot;&quot;,\n        &quot;tag&quot;: &quot;h2&quot;\n    },\n    &quot;heading&quot;: &quot;Information regarding Data Protection during the Application Process at&lt;br&gt;Johannes Gutenberg University Mainz (JGU)&lt;br&gt;&quot;,\n    &quot;textAlign&quot;: &quot;left&quot;,\n    &quot;anchor&quot;: &quot;&quot;,\n    &quot;index&quot;: &quot;&quot;\n}\"><\/jgu-base-heading>\n\n\n\n<p class=\"has-big-font-size\">The protection of your personal data is one of our primary concerns during the entire application process, which is why we are committed to providing you with a confidential applicationprocedure.<\/p>\n\n\n\n<p class=\"has-big-font-size\"><br>In the following, we will inform you about the manner, scope, and purpose of the collection and use of your personal data in accordance with the provisions of the Regulation (EU) 2016\/679 (General Data Protection Regulation, GDPR):<\/p>\n\n\n\n<p class=\"has-big-font-size\"><\/p>\n\n\n\n<p class=\"has-big-font-size\"><strong>Contact information for the Controller<\/strong><\/p>\n\n\n\n<p class=\"has-big-font-size\">Johannes Gutenberg University Mainz (JGU)<br>Represented by the President<br>Prof. Dr. Georg Krausch<br>Saarstr. 21<br>55122 Mainz<br>Phone: +49 6131 39-22301<br>Fax: +49 6131 39-26611<br>praesident@uni-mainz.de   <\/p>\n\n\n\n<p class=\"has-big-font-size\"><strong>Contact information for the Data Protection Officer<\/strong><\/p>\n\n\n\n<p class=\"has-big-font-size\">Data Protection Officer at JGU<br>Tel.: +49 6131 39-20065<br>Fax: +49 6131 39-52202<br>Email: datenschutz@uni-mainz.de<br><a href=\"https:\/\/www.verwaltung.uni-mainz.de\/#beauftragter-fur-den-datenschutz\">https:\/\/www.verwaltung.uni-mainz.de\/#beauftragter-fur-den-datenschutz<\/a><\/p>\n\n\n\n<p class=\"has-big-font-size\"><\/p>\n\n\n\n<p class=\"has-big-font-size\"><strong>Purpose and Legal Basis for Processing<\/strong><\/p>\n\n\n\n<p class=\"has-big-font-size\">If you decide to apply at JGU, we will use the information provided in your application to get in contact with you. Additionally, we will use your data to assess whether you have the aptitude, professional experience, and qualifications for the position for which you are applying. The data you provide will be processed and used exclusively for the purposes of processing your application in accordance with Art. 88 GDPR, in connection with subsection 87 S. 2 LBG in connection with 20 para. 1,3 Landesdatenschutzgesetz (LDSG).<br>In the case of a successful application, the data, provided during the application process can be further processed and used for purposes of employment.<\/p>\n\n\n\n<p class=\"has-big-font-size\"><\/p>\n\n\n\n<p class=\"has-big-font-size\"><strong>Recipients of the staff data<\/strong><\/p>\n\n\n\n<p class=\"has-big-font-size\">The responsible HR managers at JGU, the HR representatives involved in individual cases (e.g. Staff Council, Youth and Trainees Council, Representative Body for People with Sever Disabilities, Equality Commissioner), as well as members of selection or appointment committees, if applicable, will receive the personal data, which you provided in your application. Your data will be used specifically for processing the application, in accordance with the data protection regulations. It will not be passed on to other third parties unless you have given your express consent to the transfer in advance, or there is a legal obligation to do so.<\/p>\n\n\n\n<p class=\"has-big-font-size\"><\/p>\n\n\n\n<p class=\"has-medium-font-size\"><strong>Data Storage, Usage and Erasure<\/strong><\/p>\n\n\n\n<p class=\"has-big-font-size\">If the application for a position is not successful, we will store the provided data and files for six months in order to answer follow-up questions about the application. After this period of time is over, the data will be erased. You can withdraw your application at any time. This will result in the immediate erasure of your data in the applicant bank, with the following restrictions. <\/p>\n\n\n\n<p class=\"has-big-font-size\">Furthermore, at any time during the application process, you can request that individual data which you have submitted be erased. However, JGU reserves the right to store your data for a limited period of six months in order to comply with legal requirements, in particular the obligation to provide evidence under the General Act on Equal Treatment (AGG).<\/p>\n\n\n\n<p class=\"has-big-font-size\"><\/p>\n\n\n\n<p class=\"has-big-font-size\"><strong>Security<\/strong><\/p>\n\n\n\n<p class=\"has-big-font-size\">JGU uses state-of-the-art technical and organizational security measures (Art. 32 GDPR\/subsection 20 LDSG) to ensure that your personal data is protected from unauthorized data access, such as data loss, destruction, intentional manipulation, or access by unauthorized third parties.<\/p>\n\n\n\n<p class=\"has-big-font-size\"><\/p>\n\n\n\n<p class=\"has-big-font-size\"><strong>Rights<\/strong><\/p>\n\n\n\n<p class=\"has-big-font-size\">The GDPR provides for various rights for &#8220;affected persons&#8221;. Accordingly, they are entitled to the following rights with regard to their personal data:<\/p>\n\n\n\n<ul class=\"wp-block-list has-big-font-size\">\n<li>Right of access (Art. 14 para. 1, 2 GDPR)<\/li>\n\n\n\n<li>Right to rectification (Art. 16 GDPR) or to erasure (Art. 17 GDPR)<\/li>\n\n\n\n<li>Right to restriction of processing (Art. 18 GDPR)<\/li>\n\n\n\n<li>Right to data portability (Art. 20 GDPR)<\/li>\n\n\n\n<li>Right to object to processing (Art. 21 GDPR)<br>Please note that there is no possibility of objection to the collection and processing of<br>mandatory data in the application context (see no. 5).<\/li>\n\n\n\n<li>Right to lodge a complaint with a supervisory authority (Art. 77 GDPR)<\/li>\n<\/ul>\n\n\n\n<p class=\"has-big-font-size\"><\/p>\n\n\n\n<p class=\"has-big-font-size\">The following data protection supervisory authority is responsible for JGU:<br>State Commissioner for Data Protection and Freedom of Information Rhineland-Palatinate (LfDI)<br>Hintere Bleiche 34<br>55116 Mainz<br>Phone: +49 6131 208-2449<br>Fax: +49 6131 208-2497<br>poststelle@datenschutz.rlp.de<br>www.datenschutz.rlp.de<\/p>\n\n\n\n<p class=\"has-big-font-size\"><br>If you have any questions, please contact:<br>Johannes Gutenberg-Universit\u00e4t Mainz, Dezernat Personal, Referat PA 4: Personalrecruiting,<br>Saarstra\u00dfe 21, 55122 Mainz, E-Mail: personalrecruiting@uni-mainz.de, or our data protection<br>officer via datenschutz@uni-mainz.de.<\/p>\n\n\n<\/jgu-base-modal>\n\n<\/jgu-base-accordionitem>\n\n<\/jgu-base-accordion>\n<\/div><\/div>\n<\/jgu-base-section>\n\n<jgu-base-section react-props=\"{&quot;color&quot;:&quot;white&quot;,&quot;align&quot;:&quot;wide&quot;,&quot;padding&quot;:&quot;medium&quot;}\">\n<div class=\"jgu-bgsection bg bg-white \"><div class=\"content padding-medium\"><jgu-base-heading react-props=\"{\n    &quot;anchor&quot;: &quot;Kontakt-Recruiting&quot;,\n    &quot;index&quot;: &quot;Any questions left?&quot;,\n    &quot;tags&quot;: {\n        &quot;htmlTag&quot;: &quot;h2&quot;,\n        &quot;classTag&quot;: &quot;&quot;,\n        &quot;tag&quot;: &quot;h2&quot;\n    },\n    &quot;heading&quot;: &quot;Contact our recruitment team&quot;,\n    &quot;textAlign&quot;: &quot;left&quot;,\n    &quot;color&quot;: &quot;red&quot;\n}\"><\/jgu-base-heading>\n\n\n<jgu-base-slider react-props=\"{&quot;perPage&quot;:3,&quot;slidesCount&quot;:3,&quot;type&quot;:&quot;&quot;,&quot;template&quot;:&quot;&quot;,&quot;useNumbers&quot;:false,&quot;scrollDistance&quot;:&quot;screen&quot;,&quot;responsiveSettings&quot;:{}}\">\n    \n<jgu-base-idm-person react-props=\"{\n    &quot;id&quot;: &quot;306797&quot;,\n    &quot;link&quot;: &quot;false&quot;,\n    &quot;organizationId&quot;: 3349,\n    &quot;roleId&quot;: 5,\n    &quot;skipDetails&quot;: [\n        &quot;email&quot;,\n        &quot;website&quot;,\n        &quot;portrait&quot;,\n        &quot;address&quot;,\n        &quot;office_hours&quot;\n    ],\n    &quot;name&quot;: &quot;&quot;,\n    &quot;align&quot;: &quot;left&quot;,\n    &quot;color&quot;: &quot;default&quot;,\n    &quot;mode&quot;: &quot;edit&quot;,\n    &quot;linkType&quot;: &quot;false&quot;\n}\">\n        \n<\/jgu-base-idm-person>\n\n\n<jgu-base-idm-person react-props=\"{\n    &quot;id&quot;: &quot;111245&quot;,\n    &quot;link&quot;: &quot;false&quot;,\n    &quot;organizationId&quot;: 3349,\n    &quot;roleId&quot;: 5,\n    &quot;skipDetails&quot;: [\n        &quot;email&quot;,\n        &quot;website&quot;,\n        &quot;portrait&quot;,\n        &quot;address&quot;,\n        &quot;office_hours&quot;\n    ],\n    &quot;name&quot;: &quot;&quot;,\n    &quot;align&quot;: &quot;left&quot;,\n    &quot;color&quot;: &quot;default&quot;,\n    &quot;mode&quot;: &quot;edit&quot;,\n    &quot;linkType&quot;: &quot;false&quot;\n}\">\n        \n<\/jgu-base-idm-person>\n\n\n<jgu-base-idm-person react-props=\"{\n    &quot;id&quot;: &quot;323450&quot;,\n    &quot;link&quot;: &quot;false&quot;,\n    &quot;organizationId&quot;: 3349,\n    &quot;roleId&quot;: 5,\n    &quot;skipDetails&quot;: [\n        &quot;email&quot;,\n        &quot;website&quot;,\n        &quot;portrait&quot;,\n        &quot;address&quot;,\n        &quot;office_hours&quot;\n    ],\n    &quot;name&quot;: &quot;&quot;,\n    &quot;align&quot;: &quot;left&quot;,\n    &quot;color&quot;: &quot;default&quot;,\n    &quot;mode&quot;: &quot;edit&quot;,\n    &quot;linkType&quot;: &quot;false&quot;\n}\">\n        \n<\/jgu-base-idm-person>\n\n\n<\/jgu-base-slider>\n\n\n<jgu-base-button style=\"display: flex; flex-wrap: wrap; column-gap: 30px; max-width: 100%; flex-direction: row; justify-content: left\">\n  \n<jgu-base-buttonitem react-props=\"{\n    &quot;text&quot;: &quot;Send us an e-mail&quot;,\n    &quot;styling&quot;: &quot;default&quot;,\n    &quot;link&quot;: {\n        &quot;url&quot;: &quot;mailto:personalrecruiting@uni-mainz.de&quot;,\n        &quot;linkTarget&quot;: &quot;&quot;,\n        &quot;rel&quot;: &quot;&quot;,\n        &quot;opensInNewTab&quot;: true\n    },\n    &quot;align&quot;: &quot;left&quot;,\n    &quot;icon&quot;: &quot;arrow-right-solid&quot;,\n    &quot;type&quot;: &quot;default&quot;,\n    &quot;iconBefore&quot;: false,\n    &quot;isSmall&quot;: false,\n    &quot;fullWidth&quot;: false,\n    &quot;className&quot;: &quot;&quot;\n}\"><\/jgu-base-buttonitem>\n\n<\/jgu-base-button><\/div><\/div>\n<\/jgu-base-section>\n\n\n<div style=\"height:60px\" aria-hidden=\"true\" class=\"wp-block-spacer\"><\/div>\n\n\n<jgu-base-logogrid react-props=\"[]\">\n    \n<jgu-base-logogriditem react-props=\"{\n    &quot;linkType&quot;: &quot;type-light-box&quot;,\n    &quot;image&quot;: {\n        &quot;url&quot;: &quot;https:\\\/\\\/cms.zdv.uni-mainz.de\\\/karriere\\\/wp-content\\\/uploads\\\/sites\\\/44\\\/2023\\\/12\\\/HREIR_Skaliert_neu.png&quot;,\n        &quot;id&quot;: 185,\n        &quot;credit&quot;: &quot;HR Excellence in Research&quot;,\n        &quot;title&quot;: &quot;HREIR&quot;,\n        &quot;width&quot;: 350,\n        &quot;height&quot;: 120,\n        &quot;srcset&quot;: &quot;https:\\\/\\\/cms.zdv.uni-mainz.de\\\/karriere\\\/wp-content\\\/uploads\\\/sites\\\/44\\\/2023\\\/12\\\/HREIR_Skaliert_neu.png 350w, https:\\\/\\\/cms.zdv.uni-mainz.de\\\/karriere\\\/wp-content\\\/uploads\\\/sites\\\/44\\\/2023\\\/12\\\/HREIR_Skaliert_neu-300x103.png 300w&quot;\n    },\n    &quot;link&quot;: {\n        &quot;url&quot;: &quot;https:\\\/\\\/www.personalentwicklung.uni-mainz.de\\\/hr-excellence-in-research\\\/&quot;,\n        &quot;linkTarget&quot;: &quot;_blank&quot;,\n        &quot;rel&quot;: &quot;noreferrer noopener&quot;\n    }\n}\">\n    \n<\/jgu-base-logogriditem>\n\n\n<jgu-base-logogriditem react-props=\"{\n    &quot;linkType&quot;: &quot;type-light-box&quot;,\n    &quot;image&quot;: {\n        &quot;url&quot;: &quot;https:\\\/\\\/cms.zdv.uni-mainz.de\\\/karriere\\\/wp-content\\\/uploads\\\/sites\\\/44\\\/2023\\\/12\\\/TotalEquality.png&quot;,\n        &quot;id&quot;: 188,\n        &quot;credit&quot;: &quot;TOTAL E-QUALITY Deutschland e.V.&quot;,\n        &quot;title&quot;: &quot;TotalEquality&quot;,\n        &quot;width&quot;: 350,\n        &quot;height&quot;: 120,\n        &quot;srcset&quot;: &quot;https:\\\/\\\/cms.zdv.uni-mainz.de\\\/karriere\\\/wp-content\\\/uploads\\\/sites\\\/44\\\/2023\\\/12\\\/TotalEquality.png 350w, https:\\\/\\\/cms.zdv.uni-mainz.de\\\/karriere\\\/wp-content\\\/uploads\\\/sites\\\/44\\\/2023\\\/12\\\/TotalEquality-300x103.png 300w&quot;\n    },\n    &quot;link&quot;: {\n        &quot;url&quot;: &quot;https:\\\/\\\/presse.uni-mainz.de\\\/jgu-zum-fuenften-mal-in-folge-mit-total-e-quality-praedikat-fuer-chancengleichheit-und-diversitaet-ausgezeichnet\\\/&quot;,\n        &quot;linkTarget&quot;: &quot;_blank&quot;,\n        &quot;rel&quot;: &quot;noreferrer noopener&quot;\n    }\n}\">\n    \n<\/jgu-base-logogriditem>\n\n\n<jgu-base-logogriditem react-props=\"{\n    &quot;linkType&quot;: &quot;type-light-box&quot;,\n    &quot;image&quot;: {\n        &quot;url&quot;: &quot;https:\\\/\\\/cms.zdv.uni-mainz.de\\\/karriere\\\/wp-content\\\/uploads\\\/sites\\\/44\\\/2023\\\/12\\\/FIH_Skaliert.png&quot;,\n        &quot;id&quot;: 191,\n        &quot;credit&quot;: &quot;Familie in der Hochschule e.V.&quot;,\n        &quot;title&quot;: &quot;FIH_Skaliert&quot;,\n        &quot;width&quot;: 350,\n        &quot;height&quot;: 120,\n        &quot;srcset&quot;: &quot;https:\\\/\\\/cms.zdv.uni-mainz.de\\\/karriere\\\/wp-content\\\/uploads\\\/sites\\\/44\\\/2023\\\/12\\\/FIH_Skaliert.png 350w, https:\\\/\\\/cms.zdv.uni-mainz.de\\\/karriere\\\/wp-content\\\/uploads\\\/sites\\\/44\\\/2023\\\/12\\\/FIH_Skaliert-300x103.png 300w&quot;\n    },\n    &quot;link&quot;: {\n        &quot;url&quot;: &quot;https:\\\/\\\/www.familienservice.uni-mainz.de\\\/&quot;,\n        &quot;linkTarget&quot;: &quot;_blank&quot;,\n        &quot;rel&quot;: &quot;noreferrer noopener&quot;\n    }\n}\">\n    \n<\/jgu-base-logogriditem>\n\n\n<jgu-base-logogriditem react-props=\"{\n    &quot;image&quot;: {\n        &quot;url&quot;: &quot;https:\\\/\\\/cms.zdv.uni-mainz.de\\\/karriere\\\/wp-content\\\/uploads\\\/sites\\\/44\\\/2024\\\/01\\\/DHV_Guetesiegel_DE-2.jpg&quot;,\n        &quot;id&quot;: 1197,\n        &quot;title&quot;: &quot;DHV_Guetesiegel_DE-2&quot;,\n        &quot;width&quot;: 338,\n        &quot;height&quot;: 319,\n        &quot;srcset&quot;: &quot;https:\\\/\\\/cms.zdv.uni-mainz.de\\\/karriere\\\/wp-content\\\/uploads\\\/sites\\\/44\\\/2024\\\/01\\\/DHV_Guetesiegel_DE-2.jpg 338w, https:\\\/\\\/cms.zdv.uni-mainz.de\\\/karriere\\\/wp-content\\\/uploads\\\/sites\\\/44\\\/2024\\\/01\\\/DHV_Guetesiegel_DE-2-300x283.jpg 300w&quot;\n    },\n    &quot;link&quot;: {\n        &quot;url&quot;: &quot;https:\\\/\\\/www.hochschulverband.de\\\/guetesiegel&quot;,\n        &quot;linkTarget&quot;: &quot;_blank&quot;,\n        &quot;rel&quot;: &quot;noreferrer noopener&quot;\n    },\n    &quot;linkType&quot;: &quot;&quot;\n}\">\n    \n<\/jgu-base-logogriditem>\n\n\n<\/jgu-base-logogrid>\n    <div style=\"display: none\">\n        \n    <\/div>","protected":false},"excerpt":{"rendered":"","protected":false},"author":152,"featured_media":0,"parent":0,"menu_order":0,"comment_status":"closed","ping_status":"closed","template":"","meta":{"footnotes":""},"categories":[],"tags":[],"class_list":["post-1413","page","type-page","status-publish","hentry"],"content_raw":"<!-- wp:jgu\/pageheader {\"items\":[{\"box\":{\"index\":\"Jobs at JGU\",\"title\":\"Become part of \\u003cbr\\u003eour team\",\"link\":{\"url\":\"\",\"title\":\"learn more\"}},\"color\":\"red\",\"image\":{\"url\":null,\"id\":29,\"credit\":\"\u00a9 JGU \/ PA4\",\"caption\":\"Das Bild zeigt den Campus der Johannes Gutenberg-Universit\u00e4t Mainz (JGU) aus der Vogelperspektive. Im Zentrum des Bildes befindet sich das historische Hauptgeb\u00e4ude, auch bekannt als \u201eForum\u201c. Es ist ein gro\u00dfes, helles Geb\u00e4ude mit rotem Satteldach und einem markanten Torbogen in der Mitte.\\n\\nRund um das Forum sind weitere Universit\u00e4tsgeb\u00e4ude mit \u00e4hnlicher Architektur zu sehen, eingebettet in eine gr\u00fcne Umgebung mit vielen B\u00e4umen. Im Vordergrund liegt ein weitl\u00e4ufiger, gepflasterter Platz mit jungen und \u00e4lteren B\u00e4umen, breiten Wegen und moderner Beleuchtung.\\n\\nIm Hintergrund erkennt man Teile der Stadt Mainz und angrenzende Felder. Der Himmel ist klar und blau \u2013 das Bild wurde vermutlich an einem sonnigen Tag aufgenommen.\"},\"imgCredit\":\"\",\"useVideo\":false,\"video\":false}],\"type\":\"default\",\"quicklinks\":{\"show\":false,\"interaction\":\"direct\",\"selects\":[{\"label\":\"Test\",\"options\":[]},{\"label\":\"\",\"options\":[{\"title\":\"\",\"link\":{\"url\":\"\"},\"items\":[]}]}]}} \/-->\n\n<!-- wp:jgu\/anchornavigation \/-->\n\n<!-- wp:spacer {\"height\":\"60px\"} -->\n<div style=\"height:60px\" aria-hidden=\"true\" class=\"wp-block-spacer\"><\/div>\n<!-- \/wp:spacer -->\n\n<!-- wp:jgu\/anchorpoint {\"title\":\"JGU as employer\",\"slug\":\"jgu-as-employer\"} \/-->\n\n<!-- wp:jgu\/section {\"color\":\"white\"} -->\n<div class=\"jgu-bgsection bg bg-white \"><div class=\"content padding-medium\"><!-- wp:columns {\"className\":\"\"} -->\n<div class=\"wp-block-columns\"><!-- wp:column {\"width\":\"50%\"} -->\n<div class=\"wp-block-column\" style=\"flex-basis:50%\"><!-- wp:jgu\/heading {\"index\":\"Our profile\",\"tags\":{\"htmlTag\":\"h2\",\"classTag\":\"\",\"tag\":\"h2\"},\"heading\":\"JGU as employer\"} \/-->\n\n<!-- wp:paragraph {\"className\":\"has-big-font-size\"} -->\n<p class=\"has-big-font-size\">JGU is looking for the \"best and most suitable minds\" for the university and relies on professional and transparent selection of personnel.  <br>The focus is always on diversity and equal opportunities: it sees opportunity and enrichment in the grant and appreciation of the individual skills and talents of all its members.  <br>With this clear commitment to a diversity-oriented university culture, it creates a motivating environment that promotes job satisfaction and enables employment to make its contribution to achieving the university's goals.  <\/p>\n<!-- \/wp:paragraph --><\/div>\n<!-- \/wp:column -->\n\n<!-- wp:column {\"width\":\"50%\"} -->\n<div class=\"wp-block-column\" style=\"flex-basis:50%\"><!-- wp:jgu\/image {\"image\":{\"url\":null,\"id\":32}} \/--><\/div>\n<!-- \/wp:column --><\/div>\n<!-- \/wp:columns --><\/div><\/div>\n<!-- \/wp:jgu\/section -->\n\n<!-- wp:spacer {\"height\":\"60px\"} -->\n<div style=\"height:60px\" aria-hidden=\"true\" class=\"wp-block-spacer\"><\/div>\n<!-- \/wp:spacer -->\n\n<!-- wp:jgu\/anchorpoint {\"title\":\"Our job offers\",\"slug\":\"our-job-offers\"} \/-->\n\n<!-- wp:jgu\/section {\"color\":\"white\"} -->\n<div class=\"jgu-bgsection bg bg-white \"><div class=\"content padding-medium\"><!-- wp:jgu\/heading {\"index\":\"The right job at JGU for you\",\"tags\":{\"htmlTag\":\"h2\",\"classTag\":\"\",\"tag\":\"h2\"},\"heading\":\"Our job offers\"} \/-->\n\n<!-- wp:columns {\"className\":\"\"} -->\n<div class=\"wp-block-columns\"><!-- wp:column -->\n<div class=\"wp-block-column\"><!-- wp:jgu\/teaserbox {\"headline\":{\"htmlTag\":\"h2\",\"classTag\":\"\",\"tag\":\"h2\"},\"image\":{\"id\":269,\"url\":null},\"color\":\"red\",\"index\":\"Job offers\",\"title\":\"Professorships\",\"linkTitle\":\"learn more\",\"link\":{\"url\":\"https:\/\/berufungsportal.uni-mainz.de\/ausschreibungsportale\/stellen?lang=en\",\"id\":395,\"title\":\"Professuren\",\"type\":\"page\",\"kind\":\"post-type\",\"opensInNewTab\":true}} \/--><\/div>\n<!-- \/wp:column -->\n\n<!-- wp:column -->\n<div class=\"wp-block-column\"><!-- wp:jgu\/teaserbox {\"headline\":{\"htmlTag\":\"h2\",\"classTag\":\"\",\"tag\":\"h2\"},\"image\":{\"id\":278,\"url\":null},\"color\":\"blue\",\"index\":\"Job offers\",\"title\":\"Research and teaching\",\"linkTitle\":\"learn more\",\"link\":{\"url\":\"https:\/\/stellenboerse.uni-mainz.de\/HPv3.Jobs\/jgu\/stellenangebote\/de\/all?category=3\",\"opensInNewTab\":true}} \/--><\/div>\n<!-- \/wp:column -->\n\n<!-- wp:column -->\n<div class=\"wp-block-column\"><!-- wp:jgu\/teaserbox {\"headline\":{\"htmlTag\":\"h2\",\"classTag\":\"\",\"tag\":\"h2\"},\"image\":{\"id\":281,\"url\":null},\"color\":\"orange\",\"index\":\"Job offers\",\"title\":\"Management \\u0026amp; Administration\",\"linkTitle\":\"learn more\",\"link\":{\"url\":\"https:\/\/stellenboerse.uni-mainz.de\/HPv3.Jobs\/jgu\/stellenangebote\/de\/all?category=1\",\"id\":\"https:\/\/stellenboerse.uni-mainz.de\/HPv3.Jobs\/jgu\/stellenangebote\/de\/all?category=1\",\"title\":\"https:\/\/stellenboerse.uni-mainz.de\/HPv3.Jobs\/jgu\/stellenangebote\/de\/all?category=1\",\"type\":\"link\",\"opensInNewTab\":true}} \/--><\/div>\n<!-- \/wp:column --><\/div>\n<!-- \/wp:columns -->\n\n<!-- wp:columns {\"className\":\"\"} -->\n<div class=\"wp-block-columns\"><!-- wp:column -->\n<div class=\"wp-block-column\"><!-- wp:jgu\/teaserbox {\"headline\":{\"htmlTag\":\"h2\",\"classTag\":\"\",\"tag\":\"h2\"},\"image\":{\"id\":1050,\"url\":null},\"color\":\"dark\",\"index\":\"Job offers\",\"title\":\"IT \\u0026amp; Technics Department\",\"linkTitle\":\"learn more\",\"link\":{\"url\":\"karriere.uni-mainz.de\/it-technik\/\",\"opensInNewTab\":true},\"textPositionBottom\":true} \/-->\n\n<!-- wp:spacer -->\n<div style=\"height:90px\" aria-hidden=\"true\" class=\"wp-block-spacer\"><\/div>\n<!-- \/wp:spacer --><\/div>\n<!-- \/wp:column -->\n\n<!-- wp:column -->\n<div class=\"wp-block-column\"><!-- wp:jgu\/teaserbox {\"headline\":{\"htmlTag\":\"h2\",\"classTag\":\"\",\"tag\":\"h2\"},\"image\":{\"id\":1014,\"url\":null,\"credit\":\"\"},\"color\":\"gold\",\"index\":\"Job offers\",\"title\":\"Training, dual study program \\u0026amp; internship\",\"excerpt\":\"Find out everything you need to know about training, dual study programs and internships.\",\"linkTitle\":\"learn more\",\"link\":{\"url\":\"https:\/\/cms.zdv.uni-mainz.de\/karriere\/ausbildung-duales-studium-und-praktikum\/\",\"id\":260,\"title\":\"Ausbildung, Duales Studium und Praktikum\",\"type\":\"page\",\"kind\":\"post-type\",\"opensInNewTab\":true},\"textPositionBottom\":true} \/--><\/div>\n<!-- \/wp:column -->\n\n<!-- wp:column -->\n<div class=\"wp-block-column\"><!-- wp:jgu\/teaserbox {\"headline\":{\"htmlTag\":\"h2\",\"classTag\":\"\",\"tag\":\"h2\"},\"image\":{\"id\":290,\"url\":null},\"color\":\"gray\",\"index\":\"Job offers\",\"title\":\"Student Assistants\",\"linkTitle\":\"learn more\",\"link\":{\"url\":\"https:\/\/stellenboerse.uni-mainz.de\/HPv3.Jobs\/jgu\/stellenangebote\/de\/all?category=6\",\"id\":\"https:\/\/stellenboerse.uni-mainz.de\/HPv3.Jobs\/jgu\/stellenangebote\",\"title\":\"https:\/\/stellenboerse.uni-mainz.de\/HPv3.Jobs\/jgu\/stellenangebote\",\"type\":\"link\",\"opensInNewTab\":true},\"textPositionBottom\":true} \/--><\/div>\n<!-- \/wp:column --><\/div>\n<!-- \/wp:columns -->\n\n<!-- wp:columns {\"className\":\"\"} -->\n<div class=\"wp-block-columns\"><!-- wp:column -->\n<div class=\"wp-block-column\"><!-- wp:jgu\/button {\"layout\":{\"type\":\"flex\",\"flexWrap\":\"wrap\",\"justifyContent\":\"center\",\"orientation\":\"horizontal\"}} -->\n<!-- wp:jgu\/button-item {\"text\":\"Subscribe to job alert\",\"styling\":\"default\",\"icon\":\"bullhorn-solid\",\"link\":{\"url\":\"https:\/\/stellenboerse.uni-mainz.de\/#\/jgu\/jobs\",\"linkTarget\":\"\",\"rel\":\"\",\"id\":\"https:\/\/stellenboerse.uni-mainz.de\/#\/jgu\/jobs\",\"title\":\"https:\/\/stellenboerse.uni-mainz.de\/#\/jgu\/jobs\",\"type\":\"link\",\"opensInNewTab\":true}} \/-->\n<!-- \/wp:jgu\/button --><\/div>\n<!-- \/wp:column -->\n\n<!-- wp:column -->\n<div class=\"wp-block-column\"><!-- wp:jgu\/button {\"layout\":{\"type\":\"flex\",\"flexWrap\":\"wrap\",\"justifyContent\":\"center\",\"orientation\":\"horizontal\"}} -->\n<!-- wp:jgu\/button-item {\"text\":\"Job offers for JGU members\",\"styling\":\"default\",\"link\":{\"url\":\"https:\/\/www.verwaltung.personal.uni-mainz.de\/interne-stellenausschreibungen\/\",\"id\":\"https:\/\/www.verwaltung.personal.uni-mainz.de\/interne-stellenausschreibungen\/\",\"title\":\"https:\/\/www.verwaltung.personal.uni-mainz.de\/interne-stellenausschreibungen\/\",\"type\":\"link\",\"opensInNewTab\":true}} \/-->\n<!-- \/wp:jgu\/button --><\/div>\n<!-- \/wp:column -->\n\n<!-- wp:column -->\n<div class=\"wp-block-column\"><!-- wp:jgu\/button {\"layout\":{\"type\":\"flex\",\"flexWrap\":\"wrap\",\"justifyContent\":\"center\",\"orientation\":\"horizontal\"}} -->\n<!-- wp:jgu\/button-item {\"text\":\"Open Positions in the Region\",\"styling\":\"default\",\"link\":{\"url\":\"https:\/\/karriere.uni-mainz.de\/en\/job-offers-in-the-region\/\",\"linkTarget\":\"\",\"rel\":\"\",\"id\":332,\"title\":\"https:\/\/www.verwaltung.personal.uni-mainz.de\/interne-stellenausschreibungen\/\",\"type\":\"page\",\"opensInNewTab\":true,\"kind\":\"post-type\"}} \/-->\n<!-- \/wp:jgu\/button --><\/div>\n<!-- \/wp:column --><\/div>\n<!-- \/wp:columns --><\/div><\/div>\n<!-- \/wp:jgu\/section -->\n\n<!-- wp:jgu\/anchorpoint {\"title\":\"Our benefits\",\"slug\":\"our-benefits\"} \/-->\n\n<!-- wp:jgu\/section {\"color\":\"white\"} -->\n<div class=\"jgu-bgsection bg bg-white \"><div class=\"content padding-medium\"><!-- wp:jgu\/heading {\"index\":\"Our benefits\",\"tags\":{\"htmlTag\":\"h2\",\"classTag\":\"\",\"tag\":\"h2\"},\"heading\":\"Benefits for our employees\"} \/-->\n\n<!-- wp:jgu\/slider {\"perPage\":6,\"slidesCount\":6} -->\n<!-- wp:jgu\/teaserbox {\"headline\":{\"htmlTag\":\"h2\",\"classTag\":\"\",\"tag\":\"h2\"},\"image\":{\"id\":35,\"url\":null,\"credit\":\"\"},\"color\":\"blue\",\"title\":\"Work-Life-Balance\",\"excerpt\":\"Fair working time regulations, flexible working hours and up to 50 % homeoffice\\u003cbr\\u003e\\u003cbr\\u003eConsideration of personal needs and different phases of life, possibility of a sabbatical\\u003cbr\\u003e\",\"linkTitle\":\"learn more\",\"template\":\"red_h4\"} -->\n<!-- wp:jgu\/list-item {\"uuid\":\"1699461745933\"} \/-->\n<!-- \/wp:jgu\/teaserbox -->\n\n<!-- wp:jgu\/teaserbox {\"headline\":{\"htmlTag\":\"h2\",\"classTag\":\"\",\"tag\":\"h2\"},\"image\":{\"id\":38,\"url\":null},\"color\":\"orange\",\"title\":\"Special services\",\"excerpt\":\"Annual special payment guaranteed by collective agreement\\u003cbr\\u003e\\u003cbr\\u003eAdditional pension provision in the public sector (VBL)\\u003cbr\\u003e\\u003cbr\\u003eUse of the offers of the General University Sports and the Collegium Musicum\\u003cbr\\u003e\\u003cbr\\u003eOccupational health management\",\"linkTitle\":\"learn more\",\"template\":\"red_h4\"} -->\n<!-- wp:jgu\/list-item {\"uuid\":\"1699461745933\"} \/-->\n<!-- \/wp:jgu\/teaserbox -->\n\n<!-- wp:jgu\/teaserbox {\"headline\":{\"htmlTag\":\"h2\",\"classTag\":\"\",\"tag\":\"h2\"},\"image\":{\"id\":41,\"url\":null},\"color\":\"blue-gray\",\"title\":\"Further personal \\u0026amp; professional training\",\"excerpt\":\"Extensive internal and external human resources development offer\",\"linkTitle\":\"learn more\",\"template\":\"red_h4\"} -->\n<!-- wp:jgu\/list-item {\"uuid\":\"1699461745933\"} \/-->\n<!-- \/wp:jgu\/teaserbox -->\n\n<!-- wp:jgu\/teaserbox {\"headline\":{\"htmlTag\":\"h2\",\"classTag\":\"\",\"tag\":\"h2\"},\"image\":{\"id\":44,\"url\":null},\"color\":\"gold\",\"title\":\"\\u003cstrong\\u003eDiscounts\\u003c\/strong\\u003e\",\"excerpt\":\"Discounts when shopping in many stores through corporate benefits\\u003cbr\\u003e\\u003cbr\\u003eJob ticket, optionally in the entire Rhine-Main area with good transport connections to the campus\",\"linkTitle\":\"learn more\",\"template\":\"red_h4\"} -->\n<!-- wp:jgu\/list-item {\"uuid\":\"1699461745933\"} \/-->\n<!-- \/wp:jgu\/teaserbox -->\n\n<!-- wp:jgu\/teaserbox {\"headline\":{\"htmlTag\":\"h2\",\"classTag\":\"\",\"tag\":\"h2\"},\"image\":{\"id\":47,\"url\":null},\"color\":\"blue-gray\",\"title\":\"\\u003cstrong\\u003eCampusflair\\u003c\/strong\\u003e\",\"excerpt\":\"Working at one of Germany's largest universities on a vibrant and international campus\\u003cbr\\u003e\",\"linkTitle\":\"learn more\",\"template\":\"red_h4\"} -->\n<!-- wp:jgu\/list-item {\"uuid\":\"1699461745933\"} \/-->\n<!-- \/wp:jgu\/teaserbox -->\n\n<!-- wp:jgu\/teaserbox {\"headline\":{\"htmlTag\":\"h2\",\"classTag\":\"\",\"tag\":\"h2\"},\"image\":{\"id\":50,\"url\":null},\"color\":\"red\",\"title\":\"\\u003cstrong\\u003eWorking environment\\u003c\/strong\\u003e\",\"excerpt\":\"In addition to the\\u003cstrong\\u003e \\u003c\/strong\\u003eexciting and inspiring collaboration in a diverse team, JGU promotes the individuality of its employees in an appreciative environment\",\"linkTitle\":\"learn more\",\"template\":\"red_h4\"} -->\n<!-- wp:jgu\/list-item {\"uuid\":\"1699461745933\"} \/-->\n<!-- \/wp:jgu\/teaserbox -->\n<!-- \/wp:jgu\/slider --><\/div><\/div>\n<!-- \/wp:jgu\/section -->\n\n<!-- wp:jgu\/anchorpoint {\"title\":\"Onboarding\",\"slug\":\"onboarding\"} \/-->\n\n<!-- wp:jgu\/section {\"color\":\"white\"} -->\n<div class=\"jgu-bgsection bg bg-white \"><div class=\"content padding-medium\"><!-- wp:jgu\/teaserbox {\"headline\":{\"htmlTag\":\"h2\",\"classTag\":\"\",\"tag\":\"h2\"},\"image\":{\"id\":182,\"url\":null},\"color\":\"blue\",\"index\":\"Onboarding\",\"title\":\"Orientation for new employees\",\"excerpt\":\"We have compiled helpful information and tips for new employees at JGU. \",\"linkTitle\":\"learn more\",\"link\":{\"url\":\"https:\/\/neuemitarbeitende.uni-mainz.de\/\",\"id\":\"https:\/\/neuemitarbeitende.uni-mainz.de\/\",\"title\":\"https:\/\/neuemitarbeitende.uni-mainz.de\/\",\"type\":\"link\",\"opensInNewTab\":true}} \/--><\/div><\/div>\n<!-- \/wp:jgu\/section -->\n\n<!-- wp:spacer {\"height\":\"60px\"} -->\n<div style=\"height:60px\" aria-hidden=\"true\" class=\"wp-block-spacer\"><\/div>\n<!-- \/wp:spacer -->\n\n<!-- wp:jgu\/anchorpoint {\"title\":\"FAQ \\u0026amp; Contact\",\"slug\":\"faq-contact\"} \/-->\n\n<!-- wp:jgu\/section {\"color\":\"white\"} -->\n<div class=\"jgu-bgsection bg bg-white \"><div class=\"content padding-medium\"><!-- wp:jgu\/heading {\"tags\":{\"htmlTag\":\"h2\",\"classTag\":\"\",\"tag\":\"h2\"},\"heading\":\"FAQ about the application\"} \/-->\n\n<!-- wp:jgu\/accordion {\"selected\":4} -->\n<!-- wp:jgu\/accordion-item {\"title\":\"How do I apply?\",\"init\":false,\"slug\":\"how-do-i-apply\"} -->\n<!-- wp:paragraph {\"className\":\"has-big-font-size\"} -->\n<p class=\"has-big-font-size\">Thank you for submitting your application via our <a href=\"https:\/\/stellenboerse.uni-mainz.de\/HPv3.Jobs\/jgu\/Joboffers\/Language?language=en-US\" data-type=\"link\" data-id=\"https:\/\/stellenboerse.uni-mainz.de\/HPv3.Jobs\/jgu\/Joboffers\/Language?language=en-US\">application management system<\/a>.<\/p>\n<!-- \/wp:paragraph -->\n\n<!-- wp:paragraph {\"className\":\"has-big-font-size\"} -->\n<p class=\"has-big-font-size\">In exceptional cases, it is possible to send your application documents by e-mail summarized in a PDF document.<\/p>\n<!-- \/wp:paragraph -->\n\n<!-- wp:paragraph {\"className\":\"has-big-font-size\"} -->\n<p class=\"has-big-font-size\">Please send your detailed application (with the usual documents such as CV, diplomas etc.) by the application deadline.<\/p>\n<!-- \/wp:paragraph -->\n<!-- \/wp:jgu\/accordion-item -->\n\n<!-- wp:jgu\/accordion-item {\"title\":\"Who can I address my questions regarding a job advertisement to?\",\"init\":false,\"slug\":\"who-can-i-address-my-questions-regarding-a-job-advertisement-to\"} -->\n<!-- wp:paragraph {\"className\":\"has-big-font-size\"} -->\n<p class=\"has-big-font-size\">If you have any questions, please do not hesitate to contact our <a href=\"#Kontakt-Recruiting\" data-type=\"internal\" data-id=\"#Kontakt-Recruiting\">recruitment team:<\/a><\/p>\n<!-- \/wp:paragraph -->\n<!-- \/wp:jgu\/accordion-item -->\n\n<!-- wp:jgu\/accordion-item {\"title\":\"When can I expect a re-registration regarding my application?\",\"init\":false,\"slug\":\"when-can-i-expect-a-re-registration-regarding-my-application\"} -->\n<!-- wp:paragraph {\"className\":\"has-big-font-size\"} -->\n<p class=\"has-big-font-size\">You will receive confirmation of receipt of your application.  <\/p>\n<!-- \/wp:paragraph -->\n\n<!-- wp:paragraph {\"className\":\"has-big-font-size\"} -->\n<p class=\"has-big-font-size\">As many people are usually involved in the pre-selection and interview process, the procedure may take some time.  <\/p>\n<!-- \/wp:paragraph -->\n\n<!-- wp:paragraph {\"className\":\"has-big-font-size\"} -->\n<p class=\"has-big-font-size\">You are welcome to call the tendering department to find out about the status of the procedure.<\/p>\n<!-- \/wp:paragraph -->\n<!-- \/wp:jgu\/accordion-item -->\n\n<!-- wp:jgu\/accordion-item {\"title\":\"Are travel expenses paid for attending job interviews?\",\"init\":false,\"slug\":\"are-travel-expenses-paid-for-attending-job-interviews\"} -->\n<!-- wp:paragraph {\"className\":\"has-big-font-size\"} -->\n<p class=\"has-big-font-size\">No, unfortunately it is not possible for the Johannes Gutenberg University Mainz to reimburse travel expenses<\/p>\n<!-- \/wp:paragraph -->\n<!-- \/wp:jgu\/accordion-item -->\n\n<!-- wp:jgu\/accordion-item {\"title\":\"Instructions on data protection\",\"init\":false,\"slug\":\"instructions-on-data-protection\"} -->\n<!-- wp:paragraph {\"className\":\"has-big-font-size\"} -->\n<p class=\"has-big-font-size\">The protection of your personal data is an important concern for us throughout the entire application process, which is why we are committed to providing you with a confidential application process.  <\/p>\n<!-- \/wp:paragraph -->\n\n<!-- wp:jgu\/modal {\"text\":\"Datenschutzerkl\u00e4rung zum Bewerbungsverfahren \"} -->\n<!-- wp:jgu\/heading {\"color\":\"default\",\"tags\":{\"htmlTag\":\"h2\",\"classTag\":\"\",\"tag\":\"h2\"},\"heading\":\"Informationen zum Datenschutz beim Bewerbungsverfahren der Johannes Gutenberg-Universit\u00e4t Mainz (JGU)\\u003cbr\\u003e\"} \/-->\n\n<!-- wp:paragraph {\"className\":\"has-big-font-size\"} -->\n<p class=\"has-big-font-size\">Der Schutz Ihrer pers\u00f6nlichen Daten ist f\u00fcr uns w\u00e4hrend des gesamten Bewerbungsprozesses ein wichtiges Anliegen, weshalb wir uns dazu verpflichtet haben, Ihnen ein vertrauensvolles Bewerbungsverfahren zu erm\u00f6glichen.<br>Im Folgenden informieren wir Sie \u00fcber Art, Umfang und Zwecke der Erhebung und Verwendung Ihrer personenbezogenen Daten nach Ma\u00dfgabe der Vorschriften der VO (EU) 2016\/679 (Datenschutz- Grundverordnung (DS-GVO)):<\/p>\n<!-- \/wp:paragraph -->\n\n<!-- wp:paragraph {\"className\":\"has-big-font-size\"} -->\n<p class=\"has-big-font-size\"><\/p>\n<!-- \/wp:paragraph -->\n\n<!-- wp:paragraph {\"className\":\"has-big-font-size\"} -->\n<p class=\"has-big-font-size\"><strong>Kontaktdaten des Verantwortlichen<\/strong><\/p>\n<!-- \/wp:paragraph -->\n\n<!-- wp:paragraph {\"fontSize\":\"medium\"} -->\n<p class=\"has-medium-font-size\">Johannes Gutenberg-Universit\u00e4t Mainz (JGU)<br>Vertreten durch den Pr\u00e4sidenten<br>Univ.-Prof. Dr. Georg Krausch<br>Saarstr. 21<br>55122 Mainz<br>Tel.: +49 6131 39-22301<br>Fax: +49 6131 39-26611<br><a href=\"mailto:praesident@uni-mainz.de\">praesident@uni-mainz.de<\/a><\/p>\n<!-- \/wp:paragraph -->\n\n<!-- wp:paragraph {\"className\":\"has-big-font-size\"} -->\n<p class=\"has-big-font-size\"><strong>Kontaktdaten des Datenschutzbeauftragten<\/strong><\/p>\n<!-- \/wp:paragraph -->\n\n<!-- wp:paragraph {\"fontSize\":\"medium\"} -->\n<p class=\"has-medium-font-size\">Datenschutzbeauftragter der JGU<br>Tel.: +49 6131 39-20065<br>Fax: +49 6131 39-52202<br>E-Mail: <a href=\"mailto:datenschutz@uni-mainz.de\">datenschutz@uni-mainz.de<\/a><br><a href=\"https:\/\/www.verwaltung.uni-mainz.de\/#beauftragter-fur-den-datenschutz\">https:\/\/www.verwaltung.uni-mainz.de\/#beauftragter-fur-den-datenschutz<\/a><\/p>\n<!-- \/wp:paragraph -->\n\n<!-- wp:paragraph {\"className\":\"has-big-font-size\"} -->\n<p class=\"has-big-font-size\"><\/p>\n<!-- \/wp:paragraph -->\n\n<!-- wp:paragraph {\"className\":\"has-big-font-size\"} -->\n<p class=\"has-big-font-size\"><strong>Zweck und Rechtsgrundlagen der Verarbeitung<\/strong><\/p>\n<!-- \/wp:paragraph -->\n\n<!-- wp:paragraph {\"fontSize\":\"medium\"} -->\n<p class=\"has-medium-font-size\">Entscheiden Sie sich f\u00fcr eine Bewerbung an der JGU, nutzen wir Ihre im Rahmen der Bewerbung \u00fcbermittelten Daten zun\u00e4chst dazu, mit Ihnen in Kontakt zu treten. Dar\u00fcber hinaus beurteilen wir anhand Ihrer Daten, ob Sie die Eignung, fachliche Leistung und Bef\u00e4higung f\u00fcr die Stelle, auf welche Sie sich bewerben, besitzen. Die von Ihnen \u00fcbermittelten Daten werden ausschlie\u00dflich f\u00fcr Zwecke der Bearbeitung Ihrer Bewerbung verarbeitet und genutzt gem\u00e4\u00df Art. 88 Abs. 1 DS-GVO i.V.m. \u00a7\u00a7 87 S. 2 LBG i.V.m. 20 Abs. 1, 3 Landesdatenschutzgesetz (LDSG). Im Falle einer erfolgreichen Bewerbung k\u00f6nnen die im Bewerbungsprozess zur Verf\u00fcgung gestellten Daten f\u00fcr Besch\u00e4ftigungszwecke weiterverarbeitet und genutzt werden.<\/p>\n<!-- \/wp:paragraph -->\n\n<!-- wp:paragraph {\"className\":\"has-big-font-size\"} -->\n<p class=\"has-big-font-size\"><\/p>\n<!-- \/wp:paragraph -->\n\n<!-- wp:paragraph {\"className\":\"has-big-font-size\"} -->\n<p class=\"has-big-font-size\"><strong>Empf\u00e4nger der personenbezogenen Daten<\/strong><\/p>\n<!-- \/wp:paragraph -->\n\n<!-- wp:paragraph {\"fontSize\":\"medium\"} -->\n<p class=\"has-medium-font-size\">Empf\u00e4nger Ihrer im Rahmen der Bewerbung \u00fcbermittelten personenbezogenen Daten sind die jeweils zust\u00e4ndigen Personalverantwortlichen der JGU, die im Einzelfall zu beteiligenden Personalvertretungen (z.B. Personalrat, Jugend- und Auszubildendenvertretung, Schwerbehindertenvertretung, Gleichstellungsbeauftragte) sowie ggf. Mitglieder von Auswahl oder Berufungskommissionen. <br>Ihre Daten werden zweckgebunden im Rahmen der Bewerbungsverarbeitung nach den datenschutzrechtlichen Vorschriften verwendet. Sie werden nicht an sonstige Dritte \u00fcbermittelt, es sei denn, dass Sie zuvor ausdr\u00fccklich Ihre Einwilligung zu der \u00dcbermittlung erteilt haben oder eine gesetzliche Pflicht zur \u00dcbermittlung besteht.<\/p>\n<!-- \/wp:paragraph -->\n\n<!-- wp:paragraph {\"className\":\"has-big-font-size\"} -->\n<p class=\"has-big-font-size\"><\/p>\n<!-- \/wp:paragraph -->\n\n<!-- wp:paragraph {\"fontSize\":\"medium\"} -->\n<p class=\"has-medium-font-size\"><strong>Datenspeicherung, Datennutzung und Datenl\u00f6schung<\/strong><\/p>\n<!-- \/wp:paragraph -->\n\n<!-- wp:paragraph {\"fontSize\":\"medium\"} -->\n<p class=\"has-medium-font-size\">Sofern die Bewerbung auf ein Stellenangebot nicht erfolgreich ist, speichern wir die \u00fcbermittelten Daten und Dateien f\u00fcr sechs Monate, um sp\u00e4tere Fragen zu der Bewerbung beantworten zu k\u00f6nnen. Nach Ablauf dieses Zeitraums werden die Daten gel\u00f6scht. Sie haben jederzeit die M\u00f6glichkeit Ihre Bewerbung zur\u00fcckzuziehen. Dies f\u00fchrt dazu, dass Ihre Daten in der Bewerberbank, mit den nachgenannten Beschr\u00e4nkungen, umgehend gel\u00f6scht werden.<\/p>\n<!-- \/wp:paragraph -->\n\n<!-- wp:paragraph {\"fontSize\":\"medium\"} -->\n<p class=\"has-medium-font-size\"><br>Ferner k\u00f6nnen Sie im Rahmen der Bewerbung jederzeit verlangen, dass einzelne von Ihnen \u00fcbermittelte Daten gel\u00f6scht werden. Die JGU beh\u00e4lt sich jedoch vor, Ihre Daten f\u00fcr einen begrenzten Zeitraum von sechs Monaten zu speichern, um gesetzlichen Bestimmungen, insbesondere Nachweispflichten aus dem Allgemeinen Gleichbehandlungsgesetz (AGG), nachkommen zu k\u00f6nnen.<\/p>\n<!-- \/wp:paragraph -->\n\n<!-- wp:paragraph {\"className\":\"has-big-font-size\"} -->\n<p class=\"has-big-font-size\"><\/p>\n<!-- \/wp:paragraph -->\n\n<!-- wp:paragraph {\"className\":\"has-big-font-size\"} -->\n<p class=\"has-big-font-size\"><strong>Sicherheit<\/strong><\/p>\n<!-- \/wp:paragraph -->\n\n<!-- wp:paragraph {\"fontSize\":\"medium\"} -->\n<p class=\"has-medium-font-size\">Die JGU stellt durch technische und organisatorische Sicherheitsma\u00dfnahmen (Art. 32 DS-GVO \/ \u00a7 20 LDSG) entsprechend dem aktuellen Stand der Technik sicher, dass Ihre personenbezogenen Daten vor unzul\u00e4ssigen Dateneingriffen wie beispielsweise Datenverlust, Zerst\u00f6rung, vors\u00e4tzlichen Manipulationshandlungen oder Zugriff von unberechtigten Dritten gesch\u00fctzt werden.<\/p>\n<!-- \/wp:paragraph -->\n\n<!-- wp:paragraph {\"className\":\"has-big-font-size\"} -->\n<p class=\"has-big-font-size\"><\/p>\n<!-- \/wp:paragraph -->\n\n<!-- wp:paragraph {\"className\":\"has-big-font-size\"} -->\n<p class=\"has-big-font-size\"><strong>Betroffenenrechte<\/strong><\/p>\n<!-- \/wp:paragraph -->\n\n<!-- wp:paragraph {\"fontSize\":\"medium\"} -->\n<p class=\"has-medium-font-size\">Die DSGVO sieht verschiedene Rechte f\u00fcr \u201ebetroffene Personen\u201c vor. Danach stehen ihnen hinsichtlich der sie betreffenden personenbezogenen Daten folgende Rechte zu:<\/p>\n<!-- \/wp:paragraph -->\n\n<!-- wp:list {\"className\":\"wp-block-list has-big-font-size\"} -->\n<ul class=\"wp-block-list has-big-font-size\"><!-- wp:list-item -->\n<li>Recht auf Auskunft (Art. 15 Abs. 1, 2 DS-GVO)<\/li>\n<!-- \/wp:list-item -->\n\n<!-- wp:list-item -->\n<li>Recht auf Berichtigung (Art. 16 DS-GVO) bzw. auf L\u00f6schung (Art. 17 DS-GVO)<\/li>\n<!-- \/wp:list-item -->\n\n<!-- wp:list-item -->\n<li>Recht auf Einschr\u00e4nkung der Verarbeitung (Art. 18 DS-GVO)<\/li>\n<!-- \/wp:list-item -->\n\n<!-- wp:list-item -->\n<li>Recht auf Daten\u00fcbertragbarkeit (Art. 20 DS-GVO)<\/li>\n<!-- \/wp:list-item -->\n\n<!-- wp:list-item -->\n<li>Recht auf Widerspruch gegen die Verarbeitung (Art. 21 DS-GVO)<br>Bitte beachten Sie: gegen die Datenerhebung und -verarbeitung im Bewerbungskontext<br>obligatorisch erforderlicher Daten (vgl. Nr. 5) besteht keine Widerspruchsm\u00f6glichkeit.<\/li>\n<!-- \/wp:list-item -->\n\n<!-- wp:list-item -->\n<li>Beschwerderecht bei einer Aufsichtsbeh\u00f6rde (Art. 77 DS-GVO)<br><\/li>\n<!-- \/wp:list-item --><\/ul>\n<!-- \/wp:list -->\n\n<!-- wp:paragraph {\"fontSize\":\"medium\"} -->\n<p class=\"has-medium-font-size\">F\u00fcr die JGU ist folgende <strong>Datenschutzaufsichtsbeh\u00f6rde <\/strong>zust\u00e4ndig:<br>Der Landesbeauftragte f\u00fcr den Datenschutz und die Informationsfreiheit Rheinland-Pfalz (LfDI)<br>Hintere Bleiche 34<br>55116 Mainz<br>Tel.: +49 6131 208-2449<br>Fax: +49 6131 208-2497<br><a href=\"mailto:poststelle@datenschutz.rlp.de\">poststelle@datenschutz.rlp.de<\/a> <br><a rel=\"noreferrer noopener\" href=\"http:\/\/www.datenschutz.rlp.de\" data-type=\"link\" data-id=\"www.datenschutz.rlp.de\" target=\"_blank\">www.datenschutz.rlp.de<\/a><\/p>\n<!-- \/wp:paragraph -->\n\n<!-- wp:paragraph {\"fontSize\":\"medium\"} -->\n<p class=\"has-medium-font-size\"><br>Bei <strong>Fragen <\/strong>wenden Sie sich bitte an:<br>Johannes Gutenberg-Universit\u00e4t Mainz <br>Dezernat Personal und Rechtsangelegenheiten <br>Referat PA 4: Personalrecruiting<br>Saarstra\u00dfe 21<br>55122 Mainz<br>E-Mail: <a href=\"mailto:personalrecruiting@uni-mainz.de\">personalrecruiting@uni-mainz.de<\/a> <\/p>\n<!-- \/wp:paragraph -->\n\n<!-- wp:paragraph {\"fontSize\":\"medium\"} -->\n<p class=\"has-medium-font-size\">oder unseren Datenschutzbeauftragten \u00fcber <a href=\"mailto:datenschutz@uni-mainz.de\">datenschutz@uni-mainz.de<\/a>.<\/p>\n<!-- \/wp:paragraph -->\n\n<!-- wp:paragraph {\"className\":\"has-big-font-size\"} -->\n<p class=\"has-big-font-size\"><\/p>\n<!-- \/wp:paragraph -->\n<!-- \/wp:jgu\/modal -->\n\n<!-- wp:jgu\/modal {\"text\":\"Privacy policy\"} -->\n<!-- wp:jgu\/heading {\"color\":\"default\",\"tags\":{\"htmlTag\":\"h2\",\"classTag\":\"\",\"tag\":\"h2\"},\"heading\":\"Information regarding Data Protection during the Application Process at\\u003cbr\\u003eJohannes Gutenberg University Mainz (JGU)\\u003cbr\\u003e\"} \/-->\n\n<!-- wp:paragraph {\"className\":\"has-big-font-size\"} -->\n<p class=\"has-big-font-size\">The protection of your personal data is one of our primary concerns during the entire application process, which is why we are committed to providing you with a confidential applicationprocedure.<\/p>\n<!-- \/wp:paragraph -->\n\n<!-- wp:paragraph {\"className\":\"has-big-font-size\"} -->\n<p class=\"has-big-font-size\"><br>In the following, we will inform you about the manner, scope, and purpose of the collection and use of your personal data in accordance with the provisions of the Regulation (EU) 2016\/679 (General Data Protection Regulation, GDPR):<\/p>\n<!-- \/wp:paragraph -->\n\n<!-- wp:paragraph {\"className\":\"has-big-font-size\"} -->\n<p class=\"has-big-font-size\"><\/p>\n<!-- \/wp:paragraph -->\n\n<!-- wp:paragraph {\"className\":\"has-big-font-size\"} -->\n<p class=\"has-big-font-size\"><strong>Contact information for the Controller<\/strong><\/p>\n<!-- \/wp:paragraph -->\n\n<!-- wp:paragraph {\"className\":\"has-big-font-size\"} -->\n<p class=\"has-big-font-size\">Johannes Gutenberg University Mainz (JGU)<br>Represented by the President<br>Prof. Dr. Georg Krausch<br>Saarstr. 21<br>55122 Mainz<br>Phone: +49 6131 39-22301<br>Fax: +49 6131 39-26611<br>praesident@uni-mainz.de   <\/p>\n<!-- \/wp:paragraph -->\n\n<!-- wp:paragraph {\"className\":\"has-big-font-size\"} -->\n<p class=\"has-big-font-size\"><strong>Contact information for the Data Protection Officer<\/strong><\/p>\n<!-- \/wp:paragraph -->\n\n<!-- wp:paragraph {\"className\":\"has-big-font-size\"} -->\n<p class=\"has-big-font-size\">Data Protection Officer at JGU<br>Tel.: +49 6131 39-20065<br>Fax: +49 6131 39-52202<br>Email: datenschutz@uni-mainz.de<br><a href=\"https:\/\/www.verwaltung.uni-mainz.de\/#beauftragter-fur-den-datenschutz\">https:\/\/www.verwaltung.uni-mainz.de\/#beauftragter-fur-den-datenschutz<\/a><\/p>\n<!-- \/wp:paragraph -->\n\n<!-- wp:paragraph {\"className\":\"has-big-font-size\"} -->\n<p class=\"has-big-font-size\"><\/p>\n<!-- \/wp:paragraph -->\n\n<!-- wp:paragraph {\"className\":\"has-big-font-size\"} -->\n<p class=\"has-big-font-size\"><strong>Purpose and Legal Basis for Processing<\/strong><\/p>\n<!-- \/wp:paragraph -->\n\n<!-- wp:paragraph {\"className\":\"has-big-font-size\"} -->\n<p class=\"has-big-font-size\">If you decide to apply at JGU, we will use the information provided in your application to get in contact with you. Additionally, we will use your data to assess whether you have the aptitude, professional experience, and qualifications for the position for which you are applying. The data you provide will be processed and used exclusively for the purposes of processing your application in accordance with Art. 88 GDPR, in connection with subsection 87 S. 2 LBG in connection with 20 para. 1,3 Landesdatenschutzgesetz (LDSG).<br>In the case of a successful application, the data, provided during the application process can be further processed and used for purposes of employment.<\/p>\n<!-- \/wp:paragraph -->\n\n<!-- wp:paragraph {\"className\":\"has-big-font-size\"} -->\n<p class=\"has-big-font-size\"><\/p>\n<!-- \/wp:paragraph -->\n\n<!-- wp:paragraph {\"className\":\"has-big-font-size\"} -->\n<p class=\"has-big-font-size\"><strong>Recipients of the staff data<\/strong><\/p>\n<!-- \/wp:paragraph -->\n\n<!-- wp:paragraph {\"className\":\"has-big-font-size\"} -->\n<p class=\"has-big-font-size\">The responsible HR managers at JGU, the HR representatives involved in individual cases (e.g. Staff Council, Youth and Trainees Council, Representative Body for People with Sever Disabilities, Equality Commissioner), as well as members of selection or appointment committees, if applicable, will receive the personal data, which you provided in your application. Your data will be used specifically for processing the application, in accordance with the data protection regulations. It will not be passed on to other third parties unless you have given your express consent to the transfer in advance, or there is a legal obligation to do so.<\/p>\n<!-- \/wp:paragraph -->\n\n<!-- wp:paragraph {\"className\":\"has-big-font-size\"} -->\n<p class=\"has-big-font-size\"><\/p>\n<!-- \/wp:paragraph -->\n\n<!-- wp:paragraph {\"fontSize\":\"medium\"} -->\n<p class=\"has-medium-font-size\"><strong>Data Storage, Usage and Erasure<\/strong><\/p>\n<!-- \/wp:paragraph -->\n\n<!-- wp:paragraph {\"className\":\"has-big-font-size\"} -->\n<p class=\"has-big-font-size\">If the application for a position is not successful, we will store the provided data and files for six months in order to answer follow-up questions about the application. After this period of time is over, the data will be erased. You can withdraw your application at any time. This will result in the immediate erasure of your data in the applicant bank, with the following restrictions. <\/p>\n<!-- \/wp:paragraph -->\n\n<!-- wp:paragraph {\"className\":\"has-big-font-size\"} -->\n<p class=\"has-big-font-size\">Furthermore, at any time during the application process, you can request that individual data which you have submitted be erased. However, JGU reserves the right to store your data for a limited period of six months in order to comply with legal requirements, in particular the obligation to provide evidence under the General Act on Equal Treatment (AGG).<\/p>\n<!-- \/wp:paragraph -->\n\n<!-- wp:paragraph {\"className\":\"has-big-font-size\"} -->\n<p class=\"has-big-font-size\"><\/p>\n<!-- \/wp:paragraph -->\n\n<!-- wp:paragraph {\"className\":\"has-big-font-size\"} -->\n<p class=\"has-big-font-size\"><strong>Security<\/strong><\/p>\n<!-- \/wp:paragraph -->\n\n<!-- wp:paragraph {\"className\":\"has-big-font-size\"} -->\n<p class=\"has-big-font-size\">JGU uses state-of-the-art technical and organizational security measures (Art. 32 GDPR\/subsection 20 LDSG) to ensure that your personal data is protected from unauthorized data access, such as data loss, destruction, intentional manipulation, or access by unauthorized third parties.<\/p>\n<!-- \/wp:paragraph -->\n\n<!-- wp:paragraph {\"className\":\"has-big-font-size\"} -->\n<p class=\"has-big-font-size\"><\/p>\n<!-- \/wp:paragraph -->\n\n<!-- wp:paragraph {\"className\":\"has-big-font-size\"} -->\n<p class=\"has-big-font-size\"><strong>Rights<\/strong><\/p>\n<!-- \/wp:paragraph -->\n\n<!-- wp:paragraph {\"className\":\"has-big-font-size\"} -->\n<p class=\"has-big-font-size\">The GDPR provides for various rights for \"affected persons\". Accordingly, they are entitled to the following rights with regard to their personal data:<\/p>\n<!-- \/wp:paragraph -->\n\n<!-- wp:list {\"className\":\"wp-block-list has-big-font-size\"} -->\n<ul class=\"wp-block-list has-big-font-size\"><!-- wp:list-item -->\n<li>Right of access (Art. 14 para. 1, 2 GDPR)<\/li>\n<!-- \/wp:list-item -->\n\n<!-- wp:list-item -->\n<li>Right to rectification (Art. 16 GDPR) or to erasure (Art. 17 GDPR)<\/li>\n<!-- \/wp:list-item -->\n\n<!-- wp:list-item -->\n<li>Right to restriction of processing (Art. 18 GDPR)<\/li>\n<!-- \/wp:list-item -->\n\n<!-- wp:list-item -->\n<li>Right to data portability (Art. 20 GDPR)<\/li>\n<!-- \/wp:list-item -->\n\n<!-- wp:list-item -->\n<li>Right to object to processing (Art. 21 GDPR)<br>Please note that there is no possibility of objection to the collection and processing of<br>mandatory data in the application context (see no. 5).<\/li>\n<!-- \/wp:list-item -->\n\n<!-- wp:list-item -->\n<li>Right to lodge a complaint with a supervisory authority (Art. 77 GDPR)<\/li>\n<!-- \/wp:list-item --><\/ul>\n<!-- \/wp:list -->\n\n<!-- wp:paragraph {\"className\":\"has-big-font-size\"} -->\n<p class=\"has-big-font-size\"><\/p>\n<!-- \/wp:paragraph -->\n\n<!-- wp:paragraph {\"className\":\"has-big-font-size\"} -->\n<p class=\"has-big-font-size\">The following data protection supervisory authority is responsible for JGU:<br>State Commissioner for Data Protection and Freedom of Information Rhineland-Palatinate (LfDI)<br>Hintere Bleiche 34<br>55116 Mainz<br>Phone: +49 6131 208-2449<br>Fax: +49 6131 208-2497<br>poststelle@datenschutz.rlp.de<br>www.datenschutz.rlp.de<\/p>\n<!-- \/wp:paragraph -->\n\n<!-- wp:paragraph {\"className\":\"has-big-font-size\"} -->\n<p class=\"has-big-font-size\"><br>If you have any questions, please contact:<br>Johannes Gutenberg-Universit\u00e4t Mainz, Dezernat Personal, Referat PA 4: Personalrecruiting,<br>Saarstra\u00dfe 21, 55122 Mainz, E-Mail: personalrecruiting@uni-mainz.de, or our data protection<br>officer via datenschutz@uni-mainz.de.<\/p>\n<!-- \/wp:paragraph -->\n<!-- \/wp:jgu\/modal -->\n<!-- \/wp:jgu\/accordion-item -->\n<!-- \/wp:jgu\/accordion --><\/div><\/div>\n<!-- \/wp:jgu\/section -->\n\n<!-- wp:jgu\/section {\"color\":\"white\"} -->\n<div class=\"jgu-bgsection bg bg-white \"><div class=\"content padding-medium\"><!-- wp:jgu\/heading {\"anchor\":\"Kontakt-Recruiting\",\"index\":\"Any questions left?\",\"tags\":{\"htmlTag\":\"h2\",\"classTag\":\"\",\"tag\":\"h2\"},\"heading\":\"Contact our recruitment team\"} \/-->\n\n<!-- wp:jgu\/slider {\"perPage\":3,\"slidesCount\":3} -->\n<!-- wp:jgu\/idm-person {\"id\":\"306797\",\"link\":\"false\",\"organizationId\":3349,\"roleId\":5,\"skipDetails\":[\"email\",\"website\",\"portrait\",\"address\",\"office_hours\"]} \/-->\n\n<!-- wp:jgu\/idm-person {\"id\":\"111245\",\"link\":\"false\",\"organizationId\":3349,\"roleId\":5,\"skipDetails\":[\"email\",\"website\",\"portrait\",\"address\",\"office_hours\"]} \/-->\n\n<!-- wp:jgu\/idm-person {\"id\":\"323450\",\"link\":\"false\",\"organizationId\":3349,\"roleId\":5,\"skipDetails\":[\"email\",\"website\",\"portrait\",\"address\",\"office_hours\"]} \/-->\n<!-- \/wp:jgu\/slider -->\n\n<!-- wp:jgu\/button -->\n<!-- wp:jgu\/button-item {\"text\":\"Send us an e-mail\",\"styling\":\"default\",\"link\":{\"url\":\"mailto:personalrecruiting@uni-mainz.de\",\"linkTarget\":\"\",\"rel\":\"\",\"opensInNewTab\":true}} \/-->\n<!-- \/wp:jgu\/button --><\/div><\/div>\n<!-- \/wp:jgu\/section -->\n\n<!-- wp:spacer {\"height\":\"60px\"} -->\n<div style=\"height:60px\" aria-hidden=\"true\" class=\"wp-block-spacer\"><\/div>\n<!-- \/wp:spacer -->\n\n<!-- wp:jgu\/logo-grid -->\n<!-- wp:jgu\/logo-grid-item {\"linkType\":\"type-light-box\",\"image\":{\"url\":null,\"id\":185},\"link\":{\"url\":\"https:\/\/www.personalentwicklung.uni-mainz.de\/hr-excellence-in-research\/\",\"linkTarget\":\"_blank\",\"rel\":\"noreferrer noopener\"}} \/-->\n\n<!-- wp:jgu\/logo-grid-item {\"linkType\":\"type-light-box\",\"image\":{\"url\":null,\"id\":188},\"link\":{\"url\":\"https:\/\/presse.uni-mainz.de\/jgu-zum-fuenften-mal-in-folge-mit-total-e-quality-praedikat-fuer-chancengleichheit-und-diversitaet-ausgezeichnet\/\",\"linkTarget\":\"_blank\",\"rel\":\"noreferrer noopener\"}} \/-->\n\n<!-- wp:jgu\/logo-grid-item {\"linkType\":\"type-light-box\",\"image\":{\"url\":null,\"id\":191},\"link\":{\"url\":\"https:\/\/www.familienservice.uni-mainz.de\/\",\"linkTarget\":\"_blank\",\"rel\":\"noreferrer noopener\"}} \/-->\n\n<!-- wp:jgu\/logo-grid-item {\"image\":{\"url\":null,\"id\":1197},\"link\":{\"url\":\"https:\/\/www.hochschulverband.de\/guetesiegel\",\"linkTarget\":\"_blank\",\"rel\":\"noreferrer noopener\"}} \/-->\n<!-- \/wp:jgu\/logo-grid -->","_links":{"self":[{"href":"https:\/\/karriere.uni-mainz.de\/en\/wp-json\/wp\/v2\/pages\/1413","targetHints":{"allow":["GET"]}}],"collection":[{"href":"https:\/\/karriere.uni-mainz.de\/en\/wp-json\/wp\/v2\/pages"}],"about":[{"href":"https:\/\/karriere.uni-mainz.de\/en\/wp-json\/wp\/v2\/types\/page"}],"author":[{"embeddable":true,"href":"https:\/\/karriere.uni-mainz.de\/en\/wp-json\/wp\/v2\/users\/152"}],"replies":[{"embeddable":true,"href":"https:\/\/karriere.uni-mainz.de\/en\/wp-json\/wp\/v2\/comments?post=1413"}],"version-history":[{"count":15,"href":"https:\/\/karriere.uni-mainz.de\/en\/wp-json\/wp\/v2\/pages\/1413\/revisions"}],"predecessor-version":[{"id":9121,"href":"https:\/\/karriere.uni-mainz.de\/en\/wp-json\/wp\/v2\/pages\/1413\/revisions\/9121"}],"wp:attachment":[{"href":"https:\/\/karriere.uni-mainz.de\/en\/wp-json\/wp\/v2\/media?parent=1413"}],"wp:term":[{"taxonomy":"category","embeddable":true,"href":"https:\/\/karriere.uni-mainz.de\/en\/wp-json\/wp\/v2\/categories?post=1413"},{"taxonomy":"post_tag","embeddable":true,"href":"https:\/\/karriere.uni-mainz.de\/en\/wp-json\/wp\/v2\/tags?post=1413"}],"curies":[{"name":"wp","href":"https:\/\/api.w.org\/{rel}","templated":true}]}}